{"id":51295,"date":"2018-06-09T01:28:19","date_gmt":"2018-06-09T00:28:19","guid":{"rendered":"https:\/\/www.um.edu.mo\/umtv\/ums-doctor-honoris-causa-lecture-next-generation-species-specific-eco-friendly-antibiotics-and-thoughts-about-origin-of-life-by-prof-ada-yonath\/"},"modified":"2023-03-28T11:02:10","modified_gmt":"2023-03-28T03:02:10","slug":"ums-doctor-honoris-causa-lecture-next-generation-species-specific-eco-friendly-antibiotics-and-thoughts-about-origin-of-life-by-prof-ada-yonath","status":"publish","type":"umtv","link":"https:\/\/www.um.edu.mo\/pt-pt\/umtv\/ums-doctor-honoris-causa-lecture-next-generation-species-specific-eco-friendly-antibiotics-and-thoughts-about-origin-of-life-by-prof-ada-yonath\/","title":{"rendered":"Li\u00e7\u00e3o do Doutor honoris causa da UM: &#8220;Pr\u00f3xima Gera\u00e7\u00e3o de Antibi\u00f3ticos Eco Friendly Espec\u00edficos para Esp\u00e9cies e Reflex\u00f5es sobre a Origem da Vida&#8221; por Prof. Ada Yonath."},"featured_media":29803,"template":"","categories":[184,98],"class_list":["post-51295","umtv","type-umtv","status-publish","has-post-thumbnail","hentry","category-palestra-distinta","category-umtv"],"acf":[],"yoast_head":"<!-- This site is optimized with the Yoast SEO plugin v24.5 - https:\/\/yoast.com\/wordpress\/plugins\/seo\/ -->\n<title>Li\u00e7\u00e3o do Doutor honoris causa da UM: &quot;Pr\u00f3xima Gera\u00e7\u00e3o de Antibi\u00f3ticos Eco Friendly Espec\u00edficos para Esp\u00e9cies e Reflex\u00f5es sobre a Origem da Vida&quot; por Prof. Ada Yonath. | Universidade de Macau<\/title>\n<meta name=\"robots\" content=\"index, follow, max-snippet:-1, max-image-preview:large, max-video-preview:-1\" \/>\n<link rel=\"canonical\" href=\"https:\/\/www.um.edu.mo\/pt-pt\/umtv\/ums-doctor-honoris-causa-lecture-next-generation-species-specific-eco-friendly-antibiotics-and-thoughts-about-origin-of-life-by-prof-ada-yonath\/\" \/>\n<meta property=\"og:locale\" content=\"pt_PT\" \/>\n<meta property=\"og:type\" content=\"article\" \/>\n<meta property=\"og:title\" content=\"Li\u00e7\u00e3o do Doutor honoris causa da UM: &quot;Pr\u00f3xima Gera\u00e7\u00e3o de Antibi\u00f3ticos Eco Friendly Espec\u00edficos para Esp\u00e9cies e Reflex\u00f5es sobre a Origem da Vida&quot; por Prof. Ada Yonath. | Universidade de Macau\" \/>\n<meta property=\"og:description\" content=\"Jun 2018\" \/>\n<meta property=\"og:url\" content=\"https:\/\/www.um.edu.mo\/pt-pt\/umtv\/ums-doctor-honoris-causa-lecture-next-generation-species-specific-eco-friendly-antibiotics-and-thoughts-about-origin-of-life-by-prof-ada-yonath\/\" \/>\n<meta property=\"og:site_name\" content=\"Universidade de Macau\" \/>\n<meta property=\"article:publisher\" content=\"https:\/\/www.facebook.com\/universityofmacau\" \/>\n<meta property=\"article:modified_time\" content=\"2023-03-28T03:02:10+00:00\" \/>\n<meta property=\"og:image\" content=\"https:\/\/www.um.edu.mo\/wp-content\/uploads\/2020\/10\/umtv_6_201807.png\" \/>\n\t<meta property=\"og:image:width\" content=\"1000\" \/>\n\t<meta property=\"og:image:height\" content=\"560\" \/>\n\t<meta property=\"og:image:type\" content=\"image\/png\" \/>\n<meta name=\"twitter:card\" content=\"summary_large_image\" \/>\n<meta name=\"twitter:site\" content=\"@UM_1981\" \/>\n<script type=\"application\/ld+json\" class=\"yoast-schema-graph\">{\"@context\":\"https:\/\/schema.org\",\"@graph\":[{\"@type\":\"WebPage\",\"@id\":\"https:\/\/www.um.edu.mo\/pt-pt\/umtv\/ums-doctor-honoris-causa-lecture-next-generation-species-specific-eco-friendly-antibiotics-and-thoughts-about-origin-of-life-by-prof-ada-yonath\/\",\"url\":\"https:\/\/www.um.edu.mo\/pt-pt\/umtv\/ums-doctor-honoris-causa-lecture-next-generation-species-specific-eco-friendly-antibiotics-and-thoughts-about-origin-of-life-by-prof-ada-yonath\/\",\"name\":\"Li\u00e7\u00e3o do Doutor honoris causa da UM: \\\"Pr\u00f3xima Gera\u00e7\u00e3o de Antibi\u00f3ticos Eco Friendly Espec\u00edficos para Esp\u00e9cies e Reflex\u00f5es sobre a Origem da Vida\\\" por Prof. Ada Yonath. | Universidade de Macau\",\"isPartOf\":{\"@id\":\"https:\/\/www.um.edu.mo\/pt-pt\/#website\"},\"primaryImageOfPage\":{\"@id\":\"https:\/\/www.um.edu.mo\/pt-pt\/umtv\/ums-doctor-honoris-causa-lecture-next-generation-species-specific-eco-friendly-antibiotics-and-thoughts-about-origin-of-life-by-prof-ada-yonath\/#primaryimage\"},\"image\":{\"@id\":\"https:\/\/www.um.edu.mo\/pt-pt\/umtv\/ums-doctor-honoris-causa-lecture-next-generation-species-specific-eco-friendly-antibiotics-and-thoughts-about-origin-of-life-by-prof-ada-yonath\/#primaryimage\"},\"thumbnailUrl\":\"https:\/\/www.um.edu.mo\/wp-content\/uploads\/2020\/10\/umtv_6_201807.png\",\"datePublished\":\"2018-06-09T00:28:19+00:00\",\"dateModified\":\"2023-03-28T03:02:10+00:00\",\"breadcrumb\":{\"@id\":\"https:\/\/www.um.edu.mo\/pt-pt\/umtv\/ums-doctor-honoris-causa-lecture-next-generation-species-specific-eco-friendly-antibiotics-and-thoughts-about-origin-of-life-by-prof-ada-yonath\/#breadcrumb\"},\"inLanguage\":\"pt-PT\",\"potentialAction\":[{\"@type\":\"ReadAction\",\"target\":[\"https:\/\/www.um.edu.mo\/pt-pt\/umtv\/ums-doctor-honoris-causa-lecture-next-generation-species-specific-eco-friendly-antibiotics-and-thoughts-about-origin-of-life-by-prof-ada-yonath\/\"]}]},{\"@type\":\"ImageObject\",\"inLanguage\":\"pt-PT\",\"@id\":\"https:\/\/www.um.edu.mo\/pt-pt\/umtv\/ums-doctor-honoris-causa-lecture-next-generation-species-specific-eco-friendly-antibiotics-and-thoughts-about-origin-of-life-by-prof-ada-yonath\/#primaryimage\",\"url\":\"https:\/\/www.um.edu.mo\/wp-content\/uploads\/2020\/10\/umtv_6_201807.png\",\"contentUrl\":\"https:\/\/www.um.edu.mo\/wp-content\/uploads\/2020\/10\/umtv_6_201807.png\",\"width\":1000,\"height\":560},{\"@type\":\"BreadcrumbList\",\"@id\":\"https:\/\/www.um.edu.mo\/pt-pt\/umtv\/ums-doctor-honoris-causa-lecture-next-generation-species-specific-eco-friendly-antibiotics-and-thoughts-about-origin-of-life-by-prof-ada-yonath\/#breadcrumb\",\"itemListElement\":[{\"@type\":\"ListItem\",\"position\":1,\"name\":\"P\u00e1gina inicial\",\"item\":\"https:\/\/www.um.edu.mo\/pt-pt\/\"},{\"@type\":\"ListItem\",\"position\":2,\"name\":\"UMTV\",\"item\":\"https:\/\/www.um.edu.mo\/pt-pt\/umtv\/\"},{\"@type\":\"ListItem\",\"position\":3,\"name\":\"UM\u2019s Doctor honoris causa Lecture: \u201cNext Generation Species Specific Eco Friendly Antibiotics and Thoughts about Origin of Life\u201d by Prof. Ada Yonath\"}]},{\"@type\":\"WebSite\",\"@id\":\"https:\/\/www.um.edu.mo\/pt-pt\/#website\",\"url\":\"https:\/\/www.um.edu.mo\/pt-pt\/\",\"name\":\"Universidade de Macau\",\"description\":\"\",\"publisher\":{\"@id\":\"https:\/\/www.um.edu.mo\/pt-pt\/#organization\"},\"potentialAction\":[{\"@type\":\"SearchAction\",\"target\":{\"@type\":\"EntryPoint\",\"urlTemplate\":\"https:\/\/www.um.edu.mo\/pt-pt\/?s={search_term_string}\"},\"query-input\":{\"@type\":\"PropertyValueSpecification\",\"valueRequired\":true,\"valueName\":\"search_term_string\"}}],\"inLanguage\":\"pt-PT\"},{\"@type\":\"Organization\",\"@id\":\"https:\/\/www.um.edu.mo\/pt-pt\/#organization\",\"name\":\"University of Macau\",\"url\":\"https:\/\/www.um.edu.mo\/pt-pt\/\",\"logo\":{\"@type\":\"ImageObject\",\"inLanguage\":\"pt-PT\",\"@id\":\"https:\/\/www.um.edu.mo\/pt-pt\/#\/schema\/logo\/image\/\",\"url\":\"https:\/\/www.um.edu.mo\/wp-content\/uploads\/2020\/09\/UM-Logo_V-Black.png\",\"contentUrl\":\"https:\/\/www.um.edu.mo\/wp-content\/uploads\/2020\/09\/UM-Logo_V-Black.png\",\"width\":3508,\"height\":2785,\"caption\":\"University of Macau\"},\"image\":{\"@id\":\"https:\/\/www.um.edu.mo\/pt-pt\/#\/schema\/logo\/image\/\"},\"sameAs\":[\"https:\/\/www.facebook.com\/universityofmacau\",\"https:\/\/x.com\/UM_1981\"]}]}<\/script>\n<!-- \/ Yoast SEO plugin. -->","yoast_head_json":{"title":"Li\u00e7\u00e3o do Doutor honoris causa da UM: \"Pr\u00f3xima Gera\u00e7\u00e3o de Antibi\u00f3ticos Eco Friendly Espec\u00edficos para Esp\u00e9cies e Reflex\u00f5es sobre a Origem da Vida\" por Prof. Ada Yonath. | Universidade de Macau","robots":{"index":"index","follow":"follow","max-snippet":"max-snippet:-1","max-image-preview":"max-image-preview:large","max-video-preview":"max-video-preview:-1"},"canonical":"https:\/\/www.um.edu.mo\/pt-pt\/umtv\/ums-doctor-honoris-causa-lecture-next-generation-species-specific-eco-friendly-antibiotics-and-thoughts-about-origin-of-life-by-prof-ada-yonath\/","og_locale":"pt_PT","og_type":"article","og_title":"Li\u00e7\u00e3o do Doutor honoris causa da UM: \"Pr\u00f3xima Gera\u00e7\u00e3o de Antibi\u00f3ticos Eco Friendly Espec\u00edficos para Esp\u00e9cies e Reflex\u00f5es sobre a Origem da Vida\" por Prof. Ada Yonath. | Universidade de Macau","og_description":"Jun 2018","og_url":"https:\/\/www.um.edu.mo\/pt-pt\/umtv\/ums-doctor-honoris-causa-lecture-next-generation-species-specific-eco-friendly-antibiotics-and-thoughts-about-origin-of-life-by-prof-ada-yonath\/","og_site_name":"Universidade de Macau","article_publisher":"https:\/\/www.facebook.com\/universityofmacau","article_modified_time":"2023-03-28T03:02:10+00:00","og_image":[{"width":1000,"height":560,"url":"https:\/\/www.um.edu.mo\/wp-content\/uploads\/2020\/10\/umtv_6_201807.png","type":"image\/png"}],"twitter_card":"summary_large_image","twitter_site":"@UM_1981","schema":{"@context":"https:\/\/schema.org","@graph":[{"@type":"WebPage","@id":"https:\/\/www.um.edu.mo\/pt-pt\/umtv\/ums-doctor-honoris-causa-lecture-next-generation-species-specific-eco-friendly-antibiotics-and-thoughts-about-origin-of-life-by-prof-ada-yonath\/","url":"https:\/\/www.um.edu.mo\/pt-pt\/umtv\/ums-doctor-honoris-causa-lecture-next-generation-species-specific-eco-friendly-antibiotics-and-thoughts-about-origin-of-life-by-prof-ada-yonath\/","name":"Li\u00e7\u00e3o do Doutor honoris causa da UM: \"Pr\u00f3xima Gera\u00e7\u00e3o de Antibi\u00f3ticos Eco Friendly Espec\u00edficos para Esp\u00e9cies e Reflex\u00f5es sobre a Origem da Vida\" por Prof. Ada Yonath. | Universidade de Macau","isPartOf":{"@id":"https:\/\/www.um.edu.mo\/pt-pt\/#website"},"primaryImageOfPage":{"@id":"https:\/\/www.um.edu.mo\/pt-pt\/umtv\/ums-doctor-honoris-causa-lecture-next-generation-species-specific-eco-friendly-antibiotics-and-thoughts-about-origin-of-life-by-prof-ada-yonath\/#primaryimage"},"image":{"@id":"https:\/\/www.um.edu.mo\/pt-pt\/umtv\/ums-doctor-honoris-causa-lecture-next-generation-species-specific-eco-friendly-antibiotics-and-thoughts-about-origin-of-life-by-prof-ada-yonath\/#primaryimage"},"thumbnailUrl":"https:\/\/www.um.edu.mo\/wp-content\/uploads\/2020\/10\/umtv_6_201807.png","datePublished":"2018-06-09T00:28:19+00:00","dateModified":"2023-03-28T03:02:10+00:00","breadcrumb":{"@id":"https:\/\/www.um.edu.mo\/pt-pt\/umtv\/ums-doctor-honoris-causa-lecture-next-generation-species-specific-eco-friendly-antibiotics-and-thoughts-about-origin-of-life-by-prof-ada-yonath\/#breadcrumb"},"inLanguage":"pt-PT","potentialAction":[{"@type":"ReadAction","target":["https:\/\/www.um.edu.mo\/pt-pt\/umtv\/ums-doctor-honoris-causa-lecture-next-generation-species-specific-eco-friendly-antibiotics-and-thoughts-about-origin-of-life-by-prof-ada-yonath\/"]}]},{"@type":"ImageObject","inLanguage":"pt-PT","@id":"https:\/\/www.um.edu.mo\/pt-pt\/umtv\/ums-doctor-honoris-causa-lecture-next-generation-species-specific-eco-friendly-antibiotics-and-thoughts-about-origin-of-life-by-prof-ada-yonath\/#primaryimage","url":"https:\/\/www.um.edu.mo\/wp-content\/uploads\/2020\/10\/umtv_6_201807.png","contentUrl":"https:\/\/www.um.edu.mo\/wp-content\/uploads\/2020\/10\/umtv_6_201807.png","width":1000,"height":560},{"@type":"BreadcrumbList","@id":"https:\/\/www.um.edu.mo\/pt-pt\/umtv\/ums-doctor-honoris-causa-lecture-next-generation-species-specific-eco-friendly-antibiotics-and-thoughts-about-origin-of-life-by-prof-ada-yonath\/#breadcrumb","itemListElement":[{"@type":"ListItem","position":1,"name":"P\u00e1gina inicial","item":"https:\/\/www.um.edu.mo\/pt-pt\/"},{"@type":"ListItem","position":2,"name":"UMTV","item":"https:\/\/www.um.edu.mo\/pt-pt\/umtv\/"},{"@type":"ListItem","position":3,"name":"UM\u2019s Doctor honoris causa Lecture: \u201cNext Generation Species Specific Eco Friendly Antibiotics and Thoughts about Origin of Life\u201d by Prof. Ada Yonath"}]},{"@type":"WebSite","@id":"https:\/\/www.um.edu.mo\/pt-pt\/#website","url":"https:\/\/www.um.edu.mo\/pt-pt\/","name":"Universidade de Macau","description":"","publisher":{"@id":"https:\/\/www.um.edu.mo\/pt-pt\/#organization"},"potentialAction":[{"@type":"SearchAction","target":{"@type":"EntryPoint","urlTemplate":"https:\/\/www.um.edu.mo\/pt-pt\/?s={search_term_string}"},"query-input":{"@type":"PropertyValueSpecification","valueRequired":true,"valueName":"search_term_string"}}],"inLanguage":"pt-PT"},{"@type":"Organization","@id":"https:\/\/www.um.edu.mo\/pt-pt\/#organization","name":"University of Macau","url":"https:\/\/www.um.edu.mo\/pt-pt\/","logo":{"@type":"ImageObject","inLanguage":"pt-PT","@id":"https:\/\/www.um.edu.mo\/pt-pt\/#\/schema\/logo\/image\/","url":"https:\/\/www.um.edu.mo\/wp-content\/uploads\/2020\/09\/UM-Logo_V-Black.png","contentUrl":"https:\/\/www.um.edu.mo\/wp-content\/uploads\/2020\/09\/UM-Logo_V-Black.png","width":3508,"height":2785,"caption":"University of Macau"},"image":{"@id":"https:\/\/www.um.edu.mo\/pt-pt\/#\/schema\/logo\/image\/"},"sameAs":["https:\/\/www.facebook.com\/universityofmacau","https:\/\/x.com\/UM_1981"]}]}},"_links":{"self":[{"href":"https:\/\/www.um.edu.mo\/pt-pt\/wp-json\/wp\/v2\/umtv\/51295","targetHints":{"allow":["GET"]}}],"collection":[{"href":"https:\/\/www.um.edu.mo\/pt-pt\/wp-json\/wp\/v2\/umtv"}],"about":[{"href":"https:\/\/www.um.edu.mo\/pt-pt\/wp-json\/wp\/v2\/types\/umtv"}],"wp:featuredmedia":[{"embeddable":true,"href":"https:\/\/www.um.edu.mo\/pt-pt\/wp-json\/wp\/v2\/media\/29803"}],"wp:attachment":[{"href":"https:\/\/www.um.edu.mo\/pt-pt\/wp-json\/wp\/v2\/media?parent=51295"}],"wp:term":[{"taxonomy":"category","embeddable":true,"href":"https:\/\/www.um.edu.mo\/pt-pt\/wp-json\/wp\/v2\/categories?post=51295"}],"curies":[{"name":"wp","href":"https:\/\/api.w.org\/{rel}","templated":true}]}}