{"id":216377,"date":"2020-09-12T17:23:26","date_gmt":"2020-09-12T09:23:26","guid":{"rendered":"https:\/\/www.um.edu.mo\/events\/"},"modified":"2025-03-02T14:55:47","modified_gmt":"2025-03-02T06:55:47","slug":"events","status":"publish","type":"page","link":"https:\/\/www.um.edu.mo\/pt-pt\/events\/","title":{"rendered":"Eventos"},"content":{"rendered":"<p><div class=\"fusion-fullwidth fullwidth-box fusion-builder-row-1 fusion-flex-container um-event__wrapper hundred-percent-fullwidth non-hundred-percent-height-scrolling\" style=\"--awb-border-sizes-top:0;--awb-border-sizes-bottom:0px;--awb-border-sizes-left:0px;--awb-border-sizes-right:0px;--awb-border-radius-top-left:0px;--awb-border-radius-top-right:0px;--awb-border-radius-bottom-right:0px;--awb-border-radius-bottom-left:0px;--awb-padding-top:0px;--awb-padding-right:0px;--awb-padding-bottom:0px;--awb-padding-left:0px;--awb-margin-bottom:20px;--awb-flex-wrap:wrap;\" ><div class=\"fusion-builder-row fusion-row fusion-flex-align-items-flex-start fusion-flex-content-wrap\" style=\"width:calc( 100% + 0px ) !important;max-width:calc( 100% + 0px ) !important;margin-left: calc(-0px \/ 2 );margin-right: calc(-0px \/ 2 );\"><div class=\"fusion-layout-column fusion_builder_column fusion-builder-column-0 fusion_builder_column_1_1 1_1 fusion-flex-column um-home__eventswrapper\" style=\"--awb-padding-top:0px;--awb-padding-right:0px;--awb-padding-bottom:0px;--awb-padding-left:0px;--awb-bg-size:cover;--awb-width-large:100%;--awb-margin-top-large:0px;--awb-spacing-right-large:0px;--awb-margin-bottom-large:0px;--awb-spacing-left-large:0px;--awb-width-medium:100%;--awb-order-medium:0;--awb-spacing-right-medium:0px;--awb-spacing-left-medium:0px;--awb-width-small:100%;--awb-order-small:0;--awb-spacing-right-small:0px;--awb-spacing-left-small:0px;\"><div class=\"fusion-column-wrapper fusion-column-has-shadow fusion-flex-justify-content-flex-start fusion-content-layout-column\"><div class=\"fusion-builder-row fusion-builder-row-inner fusion-row fusion-flex-align-items-flex-start fusion-flex-content-wrap\" style=\"width:calc( 100% + 0px ) !important;max-width:calc( 100% + 0px ) !important;margin-left: calc(-0px \/ 2 );margin-right: calc(-0px \/ 2 );\"><div class=\"fusion-layout-column fusion_builder_column_inner fusion-builder-nested-column-0 fusion_builder_column_inner_3_5 3_5 fusion-flex-column\" style=\"--awb-padding-left:0px;--awb-bg-size:cover;--awb-width-large:60%;--awb-margin-top-large:0px;--awb-spacing-right-large:0px;--awb-margin-bottom-large:50px;--awb-spacing-left-large:0px;--awb-width-medium:100%;--awb-order-medium:0;--awb-spacing-right-medium:0px;--awb-spacing-left-medium:0px;--awb-width-small:100%;--awb-order-small:0;--awb-spacing-right-small:0px;--awb-margin-bottom-small:0;--awb-spacing-left-small:0px;\"><div class=\"fusion-column-wrapper fusion-column-has-shadow fusion-flex-justify-content-flex-start fusion-content-layout-column\"><div class=\"fusion-slider-sc\"><div class=\"fusion-flexslider-loading flexslider flexslider-hover-type-zoomin\" data-slideshow_autoplay=\"1\" data-slideshow_smooth_height=\"0\" data-slideshow_speed=\"7000\" style=\"max-width:100%;height:100%;\"><ul class=\"slides\"><li class=\"image\"><span class=\"fusion-image-hover-element hover-type-zoomin\"><img decoding=\"async\" src=\"https:\/\/www.um.edu.mo\/wp-content\/uploads\/2020\/10\/UNADJUSTEDNONRAW_thumb_8bf-1024x683.jpg\" width=\"1024\" height=\"683\" class=\"wp-image-31811\" srcset=\"https:\/\/www.um.edu.mo\/wp-content\/uploads\/2020\/10\/UNADJUSTEDNONRAW_thumb_8bf-200x133.jpg 200w, https:\/\/www.um.edu.mo\/wp-content\/uploads\/2020\/10\/UNADJUSTEDNONRAW_thumb_8bf-400x267.jpg 400w, https:\/\/www.um.edu.mo\/wp-content\/uploads\/2020\/10\/UNADJUSTEDNONRAW_thumb_8bf-600x400.jpg 600w, https:\/\/www.um.edu.mo\/wp-content\/uploads\/2020\/10\/UNADJUSTEDNONRAW_thumb_8bf-800x533.jpg 800w, https:\/\/www.um.edu.mo\/wp-content\/uploads\/2020\/10\/UNADJUSTEDNONRAW_thumb_8bf.jpg 1086w\" sizes=\"(max-width: 640px) 100vw, 1024px\" \/><\/span><\/li><li class=\"image\"><span class=\"fusion-image-hover-element hover-type-zoomin\"><img decoding=\"async\" src=\"https:\/\/www.um.edu.mo\/wp-content\/uploads\/2020\/12\/010122-1024x683.jpg\" width=\"1024\" height=\"683\" class=\"wp-image-217611\" srcset=\"https:\/\/www.um.edu.mo\/wp-content\/uploads\/2020\/12\/010122-200x133.jpg 200w, https:\/\/www.um.edu.mo\/wp-content\/uploads\/2020\/12\/010122-400x267.jpg 400w, https:\/\/www.um.edu.mo\/wp-content\/uploads\/2020\/12\/010122-600x400.jpg 600w, https:\/\/www.um.edu.mo\/wp-content\/uploads\/2020\/12\/010122-800x533.jpg 800w, https:\/\/www.um.edu.mo\/wp-content\/uploads\/2020\/12\/010122-1200x800.jpg 1200w\" sizes=\"(max-width: 640px) 100vw, 1200px\" \/><\/span><\/li><li class=\"image\"><span class=\"fusion-image-hover-element hover-type-zoomin\"><img decoding=\"async\" src=\"https:\/\/www.um.edu.mo\/wp-content\/uploads\/2020\/12\/Open-Day-2020-36-1024x683.jpg\" width=\"1024\" height=\"683\" class=\"wp-image-217610\" srcset=\"https:\/\/www.um.edu.mo\/wp-content\/uploads\/2020\/12\/Open-Day-2020-36-200x133.jpg 200w, https:\/\/www.um.edu.mo\/wp-content\/uploads\/2020\/12\/Open-Day-2020-36-400x267.jpg 400w, https:\/\/www.um.edu.mo\/wp-content\/uploads\/2020\/12\/Open-Day-2020-36-600x400.jpg 600w, https:\/\/www.um.edu.mo\/wp-content\/uploads\/2020\/12\/Open-Day-2020-36-800x533.jpg 800w, https:\/\/www.um.edu.mo\/wp-content\/uploads\/2020\/12\/Open-Day-2020-36-1200x800.jpg 1200w\" sizes=\"(max-width: 640px) 100vw, 1200px\" \/><\/span><\/li><\/ul><\/div><\/div><\/div><\/div><div class=\"fusion-layout-column fusion_builder_column_inner fusion-builder-nested-column-1 fusion_builder_column_inner_2_5 2_5 fusion-flex-column um-event__rightcol\" style=\"--awb-padding-top:0px;--awb-padding-bottom:0px;--awb-bg-size:cover;--awb-width-large:40%;--awb-margin-top-large:0px;--awb-spacing-right-large:0px;--awb-margin-bottom-large:0px;--awb-spacing-left-large:0px;--awb-width-medium:100%;--awb-order-medium:0;--awb-spacing-right-medium:0px;--awb-spacing-left-medium:0px;--awb-width-small:100%;--awb-order-small:0;--awb-margin-top-small:0;--awb-spacing-right-small:0px;--awb-spacing-left-small:0px;\"><div class=\"fusion-column-wrapper fusion-column-has-shadow fusion-flex-justify-content-flex-start fusion-content-layout-column\"><div class=\"fusion-title title fusion-title-1 fusion-no-small-visibility fusion-title-text fusion-title-size-three um-header um-header--event\" style=\"--awb-text-color:#002c55;--awb-margin-top:0px;--awb-margin-bottom:20px;--awb-margin-top-small:10px;--awb-margin-bottom-small:10px;--awb-sep-color:#f53e41;\"><div class=\"title-sep-container title-sep-container-left fusion-no-medium-visibility fusion-no-small-visibility\"><div class=\"title-sep sep-single sep-solid\" style=\"border-color:#f53e41;\"><\/div><\/div><span class=\"awb-title-spacer fusion-no-medium-visibility fusion-no-small-visibility\"><\/span><h3 class=\"fusion-title-heading title-heading-right md-text-align-left sm-text-align-left\" style=\"margin:0;\">Pr\u00f3ximos Eventos<\/h3><span class=\"awb-title-spacer fusion-no-large-visibility\"><\/span><div class=\"title-sep-container title-sep-container-right fusion-no-large-visibility\"><div class=\"title-sep sep-single sep-solid\" style=\"border-color:#f53e41;\"><\/div><\/div><\/div><div class=\"fusion-text fusion-text-1 fusion-no-small-visibility\"><div class=\"um-home__event__box\">\r\n   \t<div class=\"um-home__event__boxitem\">\r\n\t<div class=\"um-home__event__boxdate\">\r\n\t\t<div class=\"month\">\r\n\t\tMay\t\t<\/div>\r\n\t\t<div class=\"date\">\r\n\t\t04\t\t<\/div>\r\n\t<\/div>\r\n\t\r\n\t<div class=\"um-home__event__boxwrapper\">\r\n\t\t<a href=\"https:\/\/www.um.edu.mo\/pt-pt\/event\/63469\/\" class=\"um-home__event__boxtitle\">\r\n\t\t\t\t\t\t\t\t\t\t\tAdmission to Bachelor\u2019s Degree Programmes for Chinese Mainland Gaokao Students 2026\/2027 (Application period: 04\/05-26\/06\/2026)\t\t\t\t\t \t\t<\/a>\r\n\t\t\t\t\r\n\t\t\t\t\r\n\t\t\t\t\r\n\t\t\t\t<div class=\"um-home__event__boxtime\">\r\n\t\t\t<i class=\"far fa-clock\"><\/i>\r\n\t\t\t09:00\t\t<\/div>\r\n\t\t\t\t\t\r\n\t\t\t\r\n\t\t\t\t\r\n\t<\/div>\r\n\t <\/div>\r\n   \t<div class=\"um-home__event__boxitem\">\r\n\t<div class=\"um-home__event__boxdate\">\r\n\t\t<div class=\"month\">\r\n\t\tMay\t\t<\/div>\r\n\t\t<div class=\"date\">\r\n\t\t04\t\t<\/div>\r\n\t<\/div>\r\n\t\r\n\t<div class=\"um-home__event__boxwrapper\">\r\n\t\t<a href=\"https:\/\/www.um.edu.mo\/pt-pt\/event\/63818\/\" class=\"um-home__event__boxtitle\">\r\n\t\t\t\t\t\t\t\t\t\t\tCelebrating the 45th Anniversary of the University of Macau: ICI Seminar Series by Prof. Pantelis LIOUMIS, Aalto University\t\t\t\t\t \t\t<\/a>\r\n\t\t\t\t\r\n\t\t\t\t\r\n\t\t\t\t\r\n\t\t\t\t<div class=\"um-home__event__boxtime\">\r\n\t\t\t<i class=\"far fa-clock\"><\/i>\r\n\t\t\t11:00\t\t<\/div>\r\n\t\t\t\t\t\r\n\t\t\t\r\n\t\t\t\t\r\n\t<\/div>\r\n\t <\/div>\r\n   \t<div class=\"um-home__event__boxitem\">\r\n\t<div class=\"um-home__event__boxdate\">\r\n\t\t<div class=\"month\">\r\n\t\tMay\t\t<\/div>\r\n\t\t<div class=\"date\">\r\n\t\t04\t\t<\/div>\r\n\t<\/div>\r\n\t\r\n\t<div class=\"um-home__event__boxwrapper\">\r\n\t\t<a href=\"https:\/\/www.um.edu.mo\/pt-pt\/event\/63816\/\" class=\"um-home__event__boxtitle\">\r\n\t\t\t\t\t\t\t\t\t\t\tCelebrating the 45th Anniversary of the University of Macau: Computational Social Sciences Workshop: Skill Diversification Beyo...\t\t\t\t\t \t\t<\/a>\r\n\t\t\t\t\r\n\t\t\t\t\r\n\t\t\t\t\r\n\t\t\t\t<div class=\"um-home__event__boxtime\">\r\n\t\t\t<i class=\"far fa-clock\"><\/i>\r\n\t\t\t13:30\t\t<\/div>\r\n\t\t\t\t\t\r\n\t\t\t\r\n\t\t\t\t\r\n\t<\/div>\r\n\t <\/div>\r\n   \t<div class=\"um-home__event__boxitem\">\r\n\t<div class=\"um-home__event__boxdate\">\r\n\t\t<div class=\"month\">\r\n\t\tMay\t\t<\/div>\r\n\t\t<div class=\"date\">\r\n\t\t04\t\t<\/div>\r\n\t<\/div>\r\n\t\r\n\t<div class=\"um-home__event__boxwrapper\">\r\n\t\t<a href=\"https:\/\/www.um.edu.mo\/pt-pt\/event\/63795\/\" class=\"um-home__event__boxtitle\">\r\n\t\t\t\t\t\t\t\t\t\t\tCelebrating the 45th Anniversary of the University of Macau: IAS Roundtable Discussion \u2013 AI Is Here: How do Teachers Teach? How...\t\t\t\t\t \t\t<\/a>\r\n\t\t\t\t\r\n\t\t\t\t\r\n\t\t\t\t\r\n\t\t\t\t<div class=\"um-home__event__boxtime\">\r\n\t\t\t<i class=\"far fa-clock\"><\/i>\r\n\t\t\t15:00\t\t<\/div>\r\n\t\t\t\t\t\r\n\t\t\t\r\n\t\t\t\t\r\n\t<\/div>\r\n\t <\/div>\r\n   \t<div class=\"um-home__event__boxitem\">\r\n\t<div class=\"um-home__event__boxdate\">\r\n\t\t<div class=\"month\">\r\n\t\tMay\t\t<\/div>\r\n\t\t<div class=\"date\">\r\n\t\t05\t\t<\/div>\r\n\t<\/div>\r\n\t\r\n\t<div class=\"um-home__event__boxwrapper\">\r\n\t\t<a href=\"https:\/\/www.um.edu.mo\/pt-pt\/event\/63865\/\" class=\"um-home__event__boxtitle\">\r\n\t\t\t\t\t\t\t\t\t\t\tCelebrating the 45th Anniversary of the University of Macau: [FED] Celebrating the 45th Anniversary of the University of Macau:...\t\t\t\t\t \t\t<\/a>\r\n\t\t\t\t\r\n\t\t\t\t\r\n\t\t\t\t\r\n\t\t\t\t<div class=\"um-home__event__boxtime\">\r\n\t\t\t<i class=\"far fa-clock\"><\/i>\r\n\t\t\t14:30\t\t<\/div>\r\n\t\t\t\t\t\r\n\t\t\t\r\n\t\t\t\t\r\n\t<\/div>\r\n\t <\/div>\r\n   \t<div class=\"um-home__event__boxitem\">\r\n\t<div class=\"um-home__event__boxdate\">\r\n\t\t<div class=\"month\">\r\n\t\tMay\t\t<\/div>\r\n\t\t<div class=\"date\">\r\n\t\t05\t\t<\/div>\r\n\t<\/div>\r\n\t\r\n\t<div class=\"um-home__event__boxwrapper\">\r\n\t\t<a href=\"https:\/\/www.um.edu.mo\/pt-pt\/event\/63892\/\" class=\"um-home__event__boxtitle\">\r\n\t\t\t\t\t\t\t\t\t\t\tCelebrating the 45th Anniversary of the University of Macau: IAS Distinguished Guest Lecture: \u201cInconvertible Paper Currency in ...\t\t\t\t\t \t\t<\/a>\r\n\t\t\t\t\r\n\t\t\t\t\r\n\t\t\t\t\r\n\t\t\t\t<div class=\"um-home__event__boxtime\">\r\n\t\t\t<i class=\"far fa-clock\"><\/i>\r\n\t\t\t15:00\t\t<\/div>\r\n\t\t\t\t\t\r\n\t\t\t\r\n\t\t\t\t\r\n\t<\/div>\r\n\t <\/div>\r\n\t\r\n<\/div>\n<\/div><\/div><\/div><\/div><\/div><\/div><\/div><\/div><div class=\"fusion-fullwidth fullwidth-box fusion-builder-row-2 fusion-flex-container nonhundred-percent-fullwidth non-hundred-percent-height-scrolling\" style=\"--awb-border-radius-top-left:0px;--awb-border-radius-top-right:0px;--awb-border-radius-bottom-right:0px;--awb-border-radius-bottom-left:0px;--awb-padding-top:0px;--awb-padding-right-small:0px;--awb-margin-bottom:20PX;--awb-margin-top-medium:30px;--awb-margin-top-small:30px;--awb-flex-wrap:wrap;\" ><div class=\"fusion-builder-row fusion-row fusion-flex-align-items-flex-start fusion-flex-content-wrap\" style=\"max-width:1414px;margin-left: calc(-1% \/ 2 );margin-right: calc(-1% \/ 2 );\"><div class=\"fusion-layout-column fusion_builder_column fusion-builder-column-1 fusion_builder_column_3_4 3_4 fusion-flex-column\" style=\"--awb-padding-top:0px;--awb-padding-right:0px;--awb-padding-left:0px;--awb-bg-size:cover;--awb-width-large:75%;--awb-margin-top-large:0px;--awb-spacing-right-large:0.66%;--awb-margin-bottom-large:-30px;--awb-spacing-left-large:0.66%;--awb-width-medium:100%;--awb-order-medium:0;--awb-spacing-right-medium:0.495%;--awb-spacing-left-medium:0.495%;--awb-width-small:100%;--awb-order-small:0;--awb-spacing-right-small:-10px;--awb-spacing-left-small:0.495%;\"><div class=\"fusion-column-wrapper fusion-column-has-shadow fusion-flex-justify-content-flex-start fusion-content-layout-column\"><div class=\"fusion-search-element fusion-search-element-1 fusion-search-form-clean\" style=\"--awb-margin-bottom:15px;\">\t\t<form role=\"search\" class=\"searchform fusion-search-form  fusion-search-form-clean\" method=\"get\" action=\"https:\/\/www.um.edu.mo\/pt-pt\/\">\n\t\t\t<div class=\"fusion-search-form-content\">\n\n\t\t\t\t\n\t\t\t\t<div class=\"fusion-search-field search-field\">\n\t\t\t\t\t<label><span class=\"screen-reader-text\">Search for:<\/span>\n\t\t\t\t\t\t\t\t\t\t\t\t\t<input type=\"search\" value=\"\" name=\"s\" class=\"s\" placeholder=\"Pesquisar pr\u00f3ximos eventos...\" required aria-required=\"true\" aria-label=\"Pesquisar pr\u00f3ximos eventos...\"\/>\n\t\t\t\t\t\t\t\t\t\t\t<\/label>\n\t\t\t\t<\/div>\n\t\t\t\t<div class=\"fusion-search-button search-button\">\n\t\t\t\t\t<input type=\"submit\" class=\"fusion-search-submit searchsubmit\" aria-label=\"Search\" value=\"&#xf002;\" \/>\n\t\t\t\t\t\t\t\t\t<\/div>\n\n\t\t\t\t<input type=\"hidden\" name=\"post_type[]\" value=\"tribe_events\" \/><input type=\"hidden\" name=\"search_limit_to_post_titles\" value=\"0\" \/><input type=\"hidden\" name=\"fs\" value=\"1\" \/>\n\t\t\t<\/div>\n\n\n\t\t\t\n\t\t<\/form>\n\t\t<\/div><div class=\"fusion-text fusion-text-2\">\n<div\n\t\t\t class=\"tribe-common tribe-events tribe-events-view tribe-events-view--list tribe-events-view--shortcode tribe-events-view--shortcode-24f53d40\" \t\t\tdata-js=\"tribe-events-view\"\n\t\t\tdata-view-rest-nonce=\"\"\n\t\t\tdata-view-rest-url=\"https:\/\/www.um.edu.mo\/pt-pt\/wp-json\/tribe\/views\/v2\/html\"\n\t\t\tdata-view-manage-url=\"\"\n\t\t\t\t\t\t\tdata-view-shortcode=\"24f53d40\"\n\t\t\t\t\t\t\t\t\t\tdata-view-breakpoint-pointer=\"385ed07d-88f8-4e04-b362-f94b628ee07d\"\n\t\t\t\t\t>\n\t\t\t<div class=\"tribe-common-l-container tribe-events-l-container\">\n\t\t\t\t<div\n\tclass=\"tribe-events-view-loader tribe-common-a11y-hidden\"\n\trole=\"alert\"\n\taria-live=\"assertive\"\n>\n\t<div class=\"tribe-events-view-loader__dots tribe-common-c-loader\">\n\t\t<div class=\"tribe-common-c-loader__dot tribe-common-c-loader__dot--first\"><\/div>\n\t\t<div class=\"tribe-common-c-loader__dot tribe-common-c-loader__dot--second\"><\/div>\n\t\t<div class=\"tribe-common-c-loader__dot tribe-common-c-loader__dot--third\"><\/div>\n\t<\/div>\n<\/div>\n\n\t\t\t\t<script type=\"application\/ld+json\">\r\n[{\"@context\":\"http:\/\/schema.org\",\"@type\":\"Event\",\"name\":\"FAH-CPC: Curso de Curta Dura\\u00e7\\u00e3o: L\\u00ednguas e Ensino do Portugu\\u00eas (PLE) no s\\u00e9culo XXI\",\"description\":\"&lt;p&gt;Para mais informa\\u00e7\\u00f5es, por favor leia: https:\/\/cpc.fah.um.edu.mo\/courses\/short-course-on-21st-centurys-languages-and-teaching-portuguese-as-a-foreign-language-pfl\/&lt;\/p&gt;\\\\n\",\"image\":\"https:\/\/www.um.edu.mo\/wp-content\/uploads\/2026\/02\/503122-pt_PT-poster.jpg\",\"url\":\"https:\/\/www.um.edu.mo\/pt-pt\/event\/63209\/\",\"eventAttendanceMode\":\"https:\/\/schema.org\/OfflineEventAttendanceMode\",\"eventStatus\":\"https:\/\/schema.org\/EventScheduled\",\"startDate\":\"2026-03-11T14:30:00+08:00\",\"endDate\":\"2026-05-13T17:30:00+08:00\",\"location\":{\"@type\":\"Place\",\"name\":\"Universidade de Macau\",\"description\":\"\",\"url\":\"https:\/\/www.um.edu.mo\/pt-pt\/local\/universidade-de-macau\/\",\"address\":{\"@type\":\"PostalAddress\"},\"telephone\":\"\",\"sameAs\":\"\"},\"organizer\":{\"@type\":\"Person\",\"name\":\"Centro de Ensino e Forma\\u00e7\\u00e3o Bilingue Chin\\u00eas-Portugu\\u00eas\",\"description\":\"\",\"url\":\"\",\"telephone\":\"\",\"email\":\"\",\"sameAs\":\"\"},\"performer\":\"Organization\"},{\"@context\":\"http:\/\/schema.org\",\"@type\":\"Event\",\"name\":\"UM Library Week &#8212; Good Book Exchange @UM Library\",\"description\":\"&lt;p&gt;For regular book exchange, the event will continue until the end of the year, you can continue participating in the activities after Library Week ends&lt;\/p&gt;\\\\n\",\"image\":\"https:\/\/www.um.edu.mo\/wp-content\/uploads\/2026\/04\/523564-pt_PT-poster.jpg\",\"url\":\"https:\/\/www.um.edu.mo\/pt-pt\/event\/63769\/\",\"eventAttendanceMode\":\"https:\/\/schema.org\/OfflineEventAttendanceMode\",\"eventStatus\":\"https:\/\/schema.org\/EventScheduled\",\"startDate\":\"2026-04-20T10:00:00+08:00\",\"endDate\":\"2026-12-31T17:00:00+08:00\",\"location\":{\"@type\":\"Place\",\"name\":\"Room G028, G\/F of the UM Library (E2)\",\"description\":\"\",\"url\":\"https:\/\/www.um.edu.mo\/pt-pt\/local\/room-g028-g-f-of-the-um-library-e2-3\/\",\"address\":{\"@type\":\"PostalAddress\"},\"telephone\":\"\",\"sameAs\":\"\"},\"organizer\":{\"@type\":\"Person\",\"name\":\"University Library\",\"description\":\"\",\"url\":\"\",\"telephone\":\"\",\"email\":\"\",\"sameAs\":\"\"},\"performer\":\"Organization\"},{\"@context\":\"http:\/\/schema.org\",\"@type\":\"Event\",\"name\":\"UM Library Week &#8212; Reading Classics: check-in to redeem prizes\",\"description\":\"&lt;p&gt;Record a short video of yourself reading aloud in the reading booths on the 2nd floor of the University of Macau Library, post it on social media with the hashtags...&lt;\/p&gt;\\\\n\",\"image\":\"https:\/\/www.um.edu.mo\/wp-content\/uploads\/2026\/04\/524311-pt_PT-poster.jpg\",\"url\":\"https:\/\/www.um.edu.mo\/pt-pt\/event\/63771\/\",\"eventAttendanceMode\":\"https:\/\/schema.org\/OfflineEventAttendanceMode\",\"eventStatus\":\"https:\/\/schema.org\/EventScheduled\",\"startDate\":\"2026-04-22T10:00:00+08:00\",\"endDate\":\"2026-05-08T17:30:00+08:00\",\"location\":{\"@type\":\"Place\",\"name\":\"Room G028, G\/F of the UM Library (E2)\",\"description\":\"\",\"url\":\"https:\/\/www.um.edu.mo\/pt-pt\/local\/room-g028-g-f-of-the-um-library-e2-4\/\",\"address\":{\"@type\":\"PostalAddress\"},\"telephone\":\"\",\"sameAs\":\"\"},\"organizer\":{\"@type\":\"Person\",\"name\":\"University Library\",\"description\":\"\",\"url\":\"\",\"telephone\":\"\",\"email\":\"\",\"sameAs\":\"\"},\"performer\":\"Organization\"},{\"@context\":\"http:\/\/schema.org\",\"@type\":\"Event\",\"name\":\"UM Library Week &#8212; Building the Greater Bay Together \\u00b7 Sharing Knowledge for Mutual Success \\u2014 Joint Intellectual Property Exhibition by UM Library and Guangdong Science &amp; Technology Library\",\"description\":\"&lt;p&gt;Held in celebration of World Intellectual Property Day (26 April), this exhibition aims to raise public awareness of intellectual property and promote high\\u2011quality development of IP public services in the...&lt;\/p&gt;\\\\n\",\"image\":\"https:\/\/www.um.edu.mo\/wp-content\/uploads\/2026\/04\/528244-pt_PT-poster.jpg\",\"url\":\"https:\/\/www.um.edu.mo\/pt-pt\/event\/63855\/\",\"eventAttendanceMode\":\"https:\/\/schema.org\/OfflineEventAttendanceMode\",\"eventStatus\":\"https:\/\/schema.org\/EventScheduled\",\"startDate\":\"2026-04-26T08:00:00+08:00\",\"endDate\":\"2026-05-31T00:00:00+08:00\",\"location\":{\"@type\":\"Place\",\"name\":\"Lobby, University Library(E2) G\/F\",\"description\":\"\",\"url\":\"https:\/\/www.um.edu.mo\/pt-pt\/local\/lobby-university-librarye2-g-f-6\/\",\"address\":{\"@type\":\"PostalAddress\"},\"telephone\":\"\",\"sameAs\":\"\"},\"organizer\":{\"@type\":\"Person\",\"name\":\"University Library\",\"description\":\"\",\"url\":\"\",\"telephone\":\"\",\"email\":\"\",\"sameAs\":\"\"},\"performer\":\"Organization\"},{\"@context\":\"http:\/\/schema.org\",\"@type\":\"Event\",\"name\":\"FAH\/DAD Exhibition : Whispers of the Steppe: Inner Mongolia\\u2019s Architectural Wonders in Macao\",\"description\":\"&lt;p&gt;As a region emblematic of China\\u2019s multi-ethnic integration, Inner Mongolia has developed a distinctive architectural tradition shaped by its nomadic heritage and successive waves of cultural exchange. The majority of...&lt;\/p&gt;\\\\n\",\"image\":\"https:\/\/www.um.edu.mo\/wp-content\/uploads\/2026\/04\/526363-pt_PT-poster.jpg\",\"url\":\"https:\/\/www.um.edu.mo\/pt-pt\/event\/63821\/\",\"eventAttendanceMode\":\"https:\/\/schema.org\/OfflineEventAttendanceMode\",\"eventStatus\":\"https:\/\/schema.org\/EventScheduled\",\"startDate\":\"2026-04-27T10:00:00+08:00\",\"endDate\":\"2026-05-04T17:00:00+08:00\",\"location\":{\"@type\":\"Place\",\"name\":\"W32-G043, University of Macau\",\"description\":\"\",\"url\":\"https:\/\/www.um.edu.mo\/pt-pt\/local\/w32-g043-university-of-macau-3\/\",\"address\":{\"@type\":\"PostalAddress\"},\"telephone\":\"\",\"sameAs\":\"\"},\"organizer\":{\"@type\":\"Person\",\"name\":\"Inner Mongolia University of Technology\",\"description\":\"\",\"url\":\"\",\"telephone\":\"\",\"email\":\"\",\"sameAs\":\"\"},\"performer\":\"Organization\"},{\"@context\":\"http:\/\/schema.org\",\"@type\":\"Event\",\"name\":\"FAH\/DAD Exhibition: Doctor of Design in Visual Communication Design \\u2014 Student Presentations and Public Seminar on Color Theory\",\"description\":\"&lt;p&gt;Opening Ceremoy: 30\/4\/2026 10:00am Venue: Lobby, Cultural Building (E34)&lt;\/p&gt;\\\\n\",\"image\":\"https:\/\/www.um.edu.mo\/wp-content\/uploads\/2026\/04\/526078-pt_PT-poster.jpg\",\"url\":\"https:\/\/www.um.edu.mo\/pt-pt\/event\/63814\/\",\"eventAttendanceMode\":\"https:\/\/schema.org\/OfflineEventAttendanceMode\",\"eventStatus\":\"https:\/\/schema.org\/EventScheduled\",\"startDate\":\"2026-04-30T09:00:00+08:00\",\"endDate\":\"2026-05-07T19:00:00+08:00\",\"location\":{\"@type\":\"Place\",\"name\":\"Lobby, Cultural Building (E34)\",\"description\":\"\",\"url\":\"https:\/\/www.um.edu.mo\/pt-pt\/local\/lobby-cultural-building-e34-47\/\",\"address\":{\"@type\":\"PostalAddress\"},\"telephone\":\"\",\"sameAs\":\"\"},\"organizer\":{\"@type\":\"Person\",\"name\":\"Department of Arts and Design (DAD), FAH\",\"description\":\"\",\"url\":\"\",\"telephone\":\"\",\"email\":\"\",\"sameAs\":\"\"},\"performer\":\"Organization\"},{\"@context\":\"http:\/\/schema.org\",\"@type\":\"Event\",\"name\":\"Admission to Bachelor\\u2019s Degree Programmes for Chinese Mainland Gaokao Students 2026\/2027 (Application period: 04\/05-26\/06\/2026)\",\"description\":\"&lt;p&gt;Admission Rules are available on the Registry\\u2019s website at https:\/\/reg.um.edu.mo\/gk (in Chinese only)&lt;\/p&gt;\\\\n\",\"image\":\"https:\/\/www.um.edu.mo\/wp-content\/uploads\/2026\/03\/512077-pt_PT-poster.jpg\",\"url\":\"https:\/\/www.um.edu.mo\/pt-pt\/event\/63469\/\",\"eventAttendanceMode\":\"https:\/\/schema.org\/OfflineEventAttendanceMode\",\"eventStatus\":\"https:\/\/schema.org\/EventScheduled\",\"startDate\":\"2026-05-04T09:00:00+08:00\",\"endDate\":\"2026-06-26T23:59:00+08:00\",\"location\":{\"@type\":\"Place\",\"name\":\"Online Application system at https:\/\/reg.um.edu.mo\/gk (Open during application period)\",\"description\":\"\",\"url\":\"https:\/\/www.um.edu.mo\/pt-pt\/local\/online-application-system-at-https-reg-um-edu-mo-gk-open-during-application-period-6\/\",\"address\":{\"@type\":\"PostalAddress\"},\"telephone\":\"\",\"sameAs\":\"\"},\"organizer\":{\"@type\":\"Person\",\"name\":\"Registry, University of Macau\",\"description\":\"\",\"url\":\"\",\"telephone\":\"\",\"email\":\"\",\"sameAs\":\"\"},\"performer\":\"Organization\"},{\"@context\":\"http:\/\/schema.org\",\"@type\":\"Event\",\"name\":\"Celebrating the 45th Anniversary of the University of Macau: ICI Seminar Series by Prof. Pantelis LIOUMIS, Aalto University\",\"description\":\"\",\"image\":\"https:\/\/www.um.edu.mo\/wp-content\/uploads\/2026\/04\/526240-pt_PT-poster-scaled.jpg\",\"url\":\"https:\/\/www.um.edu.mo\/pt-pt\/event\/63818\/\",\"eventAttendanceMode\":\"https:\/\/schema.org\/OfflineEventAttendanceMode\",\"eventStatus\":\"https:\/\/schema.org\/EventScheduled\",\"startDate\":\"2026-05-04T11:00:00+08:00\",\"endDate\":\"2026-05-04T12:00:00+08:00\",\"location\":{\"@type\":\"Place\",\"name\":\"N21-1020\",\"description\":\"\",\"url\":\"https:\/\/www.um.edu.mo\/pt-pt\/local\/n21-1020-32\/\",\"address\":{\"@type\":\"PostalAddress\"},\"telephone\":\"\",\"sameAs\":\"\"},\"organizer\":{\"@type\":\"Person\",\"name\":\"Institute of Collaborative Innovation\",\"description\":\"\",\"url\":\"\",\"telephone\":\"\",\"email\":\"\",\"sameAs\":\"\"},\"performer\":\"Organization\"},{\"@context\":\"http:\/\/schema.org\",\"@type\":\"Event\",\"name\":\"Celebrating the 45th Anniversary of the University of Macau: Computational Social Sciences Workshop: Skill Diversification Beyond High-Paying Jobs\",\"description\":\"&lt;p&gt;Register: https:\/\/isw.um.edu.mo\/evmapp\/register\/css_siqihan&lt;\/p&gt;\\\\n\",\"image\":\"https:\/\/www.um.edu.mo\/wp-content\/uploads\/2026\/04\/526150-pt_PT-poster-scaled.jpg\",\"url\":\"https:\/\/www.um.edu.mo\/pt-pt\/event\/63816\/\",\"eventAttendanceMode\":\"https:\/\/schema.org\/OfflineEventAttendanceMode\",\"eventStatus\":\"https:\/\/schema.org\/EventScheduled\",\"startDate\":\"2026-05-04T13:30:00+08:00\",\"endDate\":\"2026-05-04T15:00:00+08:00\",\"location\":{\"@type\":\"Place\",\"name\":\"E21B-G016\",\"description\":\"\",\"url\":\"https:\/\/www.um.edu.mo\/pt-pt\/local\/e21b-g016-33\/\",\"address\":{\"@type\":\"PostalAddress\"},\"telephone\":\"\",\"sameAs\":\"\"},\"organizer\":{\"@type\":\"Person\",\"name\":\"Faculty of Social Sciences\",\"description\":\"\",\"url\":\"\",\"telephone\":\"\",\"email\":\"\",\"sameAs\":\"\"},\"performer\":\"Organization\"},{\"@context\":\"http:\/\/schema.org\",\"@type\":\"Event\",\"name\":\"Celebrating the 45th Anniversary of the University of Macau: IAS Roundtable Discussion \\u2013 AI Is Here: How do Teachers Teach? How do Students Learn?\",\"description\":\"\",\"image\":\"https:\/\/www.um.edu.mo\/wp-content\/uploads\/2026\/04\/525052-pt_PT-poster-scaled.jpg\",\"url\":\"https:\/\/www.um.edu.mo\/pt-pt\/event\/63795\/\",\"eventAttendanceMode\":\"https:\/\/schema.org\/OfflineEventAttendanceMode\",\"eventStatus\":\"https:\/\/schema.org\/EventScheduled\",\"startDate\":\"2026-05-04T15:00:00+08:00\",\"endDate\":\"2026-05-04T17:00:00+08:00\",\"location\":{\"@type\":\"Place\",\"name\":\"Room G012, University Library (E2) G\/F\",\"description\":\"\",\"url\":\"https:\/\/www.um.edu.mo\/pt-pt\/local\/room-g012-university-library-e2-g-f-2\/\",\"address\":{\"@type\":\"PostalAddress\"},\"telephone\":\"\",\"sameAs\":\"\"},\"organizer\":{\"@type\":\"Person\",\"name\":\"Institute of Advanced Studies in Humanities and Social Sciences (IAS)\",\"description\":\"\",\"url\":\"\",\"telephone\":\"\",\"email\":\"\",\"sameAs\":\"\"},\"performer\":\"Organization\"},{\"@context\":\"http:\/\/schema.org\",\"@type\":\"Event\",\"name\":\"Celebrating the 45th Anniversary of the University of Macau: [FED] Celebrating the 45th Anniversary of the University of Macau: FED-CLLE Seminar \\u201cThe Place of Second Language Acquisition in Language Teacher Education\\u201d\",\"description\":\"\",\"image\":\"https:\/\/www.um.edu.mo\/wp-content\/uploads\/2026\/04\/528775-pt_PT-poster-scaled.jpg\",\"url\":\"https:\/\/www.um.edu.mo\/pt-pt\/event\/63865\/\",\"eventAttendanceMode\":\"https:\/\/schema.org\/OfflineEventAttendanceMode\",\"eventStatus\":\"https:\/\/schema.org\/EventScheduled\",\"startDate\":\"2026-05-05T14:30:00+08:00\",\"endDate\":\"2026-05-05T16:00:00+08:00\",\"location\":{\"@type\":\"Place\",\"name\":\"E33-3038, Faculty of Education\",\"description\":\"\",\"url\":\"https:\/\/www.um.edu.mo\/pt-pt\/local\/e33-3038-faculty-of-education-13\/\",\"address\":{\"@type\":\"PostalAddress\"},\"telephone\":\"\",\"sameAs\":\"\"},\"organizer\":{\"@type\":\"Person\",\"name\":\"Centre for Language and Literacy Education (CLLE), Faculty of Education\",\"description\":\"\",\"url\":\"\",\"telephone\":\"\",\"email\":\"\",\"sameAs\":\"\"},\"performer\":\"Organization\"},{\"@context\":\"http:\/\/schema.org\",\"@type\":\"Event\",\"name\":\"Celebrating the 45th Anniversary of the University of Macau: IAS Distinguished Guest Lecture: \\u201cInconvertible Paper Currency in 14th-Century China: A Study of Currency Circuits\\u201d\",\"description\":\"&lt;p&gt;&lt;\/p&gt;\",\"image\":\"https:\/\/www.um.edu.mo\/wp-content\/uploads\/2026\/04\/529819-pt_PT-poster-scaled.jpg\",\"url\":\"https:\/\/www.um.edu.mo\/pt-pt\/event\/63892\/\",\"eventAttendanceMode\":\"https:\/\/schema.org\/OfflineEventAttendanceMode\",\"eventStatus\":\"https:\/\/schema.org\/EventScheduled\",\"startDate\":\"2026-05-05T15:00:00+08:00\",\"endDate\":\"2026-05-05T17:00:00+08:00\",\"location\":{\"@type\":\"Place\",\"name\":\"Room G012, University Library (E2) G\/F\",\"description\":\"\",\"url\":\"https:\/\/www.um.edu.mo\/pt-pt\/local\/room-g012-university-library-e2-g-f-3\/\",\"address\":{\"@type\":\"PostalAddress\"},\"telephone\":\"\",\"sameAs\":\"\"},\"organizer\":{\"@type\":\"Person\",\"name\":\"IAS\",\"description\":\"\",\"url\":\"\",\"telephone\":\"\",\"email\":\"\",\"sameAs\":\"\"},\"performer\":\"Organization\"}]\r\n<\/script>\n\t\t\t\t<script\n\tdata-js=\"tribe-events-view-data\"\n\ttype=\"application\/json\"\n>\n\t{\"slug\":\"list\",\"prev_url\":\"https:\\\/\\\/www.um.edu.mo\\\/pt-pt\\\/eventscalendar\\\/lista\\\/?rest_route=%2Fwp%2Fv2%2Fpages%2F216377&shortcode=24f53d40&eventDisplay=past\",\"next_url\":\"https:\\\/\\\/www.um.edu.mo\\\/pt-pt\\\/eventscalendar\\\/lista\\\/p\\u00e1gina\\\/2\\\/?shortcode=24f53d40\",\"view_class\":\"Tribe\\\\Events\\\\Views\\\\V2\\\\Views\\\\List_View\",\"view_slug\":\"list\",\"view_label\":\"List\",\"title\":\"Eventos from 11 Mar\\u00e7o \\u2013 5 Maio | Universidade de Macau\",\"events\":[503122,523564,524311,528244,526363,526078,512077,526240,526150,525052,528775,529819],\"url\":\"https:\\\/\\\/www.um.edu.mo\\\/pt-pt\\\/eventscalendar\\\/lista\\\/?shortcode=24f53d40\",\"url_event_date\":false,\"bar\":{\"keyword\":\"\",\"date\":\"\"},\"today\":\"2026-04-30 00:00:00\",\"now\":\"2026-04-30 23:05:37\",\"rest_url\":\"https:\\\/\\\/www.um.edu.mo\\\/pt-pt\\\/wp-json\\\/tribe\\\/views\\\/v2\\\/html\",\"rest_method\":\"POST\",\"rest_nonce\":\"\",\"should_manage_url\":false,\"today_url\":\"https:\\\/\\\/www.um.edu.mo\\\/pt-pt\\\/eventscalendar\\\/lista\\\/?rest_route=%2Fwp%2Fv2%2Fpages%2F216377&shortcode=24f53d40\",\"today_title\":\"Click to select today's date\",\"today_label\":\"Today\",\"prev_label\":\"\",\"next_label\":\"\",\"date_formats\":{\"compact\":\"n\\\/j\\\/Y\",\"month_and_year_compact\":\"n\\\/Y\",\"month_and_year\":\"F Y\",\"time_range_separator\":\"  -  \",\"date_time_separator\":\" | \"},\"messages\":[],\"start_of_week\":\"1\",\"header_title\":\"\",\"header_title_element\":\"h1\",\"content_title\":\"\",\"breadcrumbs\":[],\"before_events\":\"\",\"after_events\":\"\",\"display_events_bar\":true,\"disable_event_search\":true,\"live_refresh\":true,\"ical\":{\"display_link\":true,\"link\":{\"url\":\"https:\\\/\\\/www.um.edu.mo\\\/pt-pt\\\/eventscalendar\\\/lista\\\/?shortcode=24f53d40&#038;ical=1\",\"text\":\"Export Eventos\",\"title\":\"Utilize esta op\\u00e7\\u00e3o para partilhar com os calend\\u00e1rios Google, calend\\u00e1rios Apple e outras aplica\\u00e7\\u00f5es compat\\u00edveis\"}},\"container_classes\":[\"tribe-common\",\"tribe-events\",\"tribe-events-view\",\"tribe-events-view--list\",\"tribe-events-view--shortcode\",\"tribe-events-view--shortcode-24f53d40\"],\"container_data\":{\"shortcode\":\"24f53d40\"},\"is_past\":false,\"breakpoints\":{\"xsmall\":500,\"medium\":768,\"full\":960},\"breakpoint_pointer\":\"385ed07d-88f8-4e04-b362-f94b628ee07d\",\"is_initial_load\":false,\"public_views\":{\"list\":{\"view_class\":\"Tribe\\\\Events\\\\Views\\\\V2\\\\Views\\\\List_View\",\"view_url\":\"https:\\\/\\\/www.um.edu.mo\\\/pt-pt\\\/eventscalendar\\\/lista\\\/?shortcode=24f53d40\",\"view_label\":\"List\"},\"day\":{\"view_class\":\"Tribe\\\\Events\\\\Views\\\\V2\\\\Views\\\\Day_View\",\"view_url\":\"https:\\\/\\\/www.um.edu.mo\\\/pt-pt\\\/eventscalendar\\\/Hoje\\\/?shortcode=24f53d40\",\"view_label\":\"Day\"}},\"show_latest_past\":true,\"show_now\":true,\"now_label\":\"Now\",\"now_label_mobile\":\"Now\",\"show_end\":true,\"selected_start_datetime\":\"2026-04-30\",\"selected_start_date_mobile\":\"4\\\/30\\\/2026\",\"selected_start_date_label\":\"30 Abril\",\"selected_end_datetime\":\"2026-05-05\",\"selected_end_date_mobile\":\"5\\\/5\\\/2026\",\"selected_end_date_label\":\"5 Maio\",\"datepicker_date\":\"4\\\/30\\\/2026\",\"subscribe_links\":{\"gcal\":{\"label\":\"Calend\\u00e1rio Google\",\"single_label\":\"Adicionar ao Calend\\u00e1rio Google\",\"visible\":true,\"block_slug\":\"hasGoogleCalendar\"},\"ical\":{\"label\":\"iCalendar\",\"single_label\":\"Add to iCalendar\",\"visible\":true,\"block_slug\":\"hasiCal\"},\"outlook-365\":{\"label\":\"Outlook 365\",\"single_label\":\"Outlook 365\",\"visible\":true,\"block_slug\":\"hasOutlook365\"},\"outlook-live\":{\"label\":\"Outlook Live\",\"single_label\":\"Outlook Live\",\"visible\":true,\"block_slug\":\"hasOutlookLive\"},\"ics\":{\"label\":\"Export .ics file\",\"single_label\":\"Export .ics file\",\"visible\":true,\"block_slug\":null},\"outlook-ics\":{\"label\":\"Export Outlook .ics file\",\"single_label\":\"Export Outlook .ics file\",\"visible\":true,\"block_slug\":null}},\"display_recurring_toggle\":false,\"_context\":{\"slug\":\"list\",\"should_manage_url\":false},\"text\":\"Carregando...\"}<\/script>\n\n\t\t\t\t\n\t\t\t\t<header  class=\"tribe-events-header\" >\n\t\t\t\t\t\n\t\t\t\t\t\n\t\t\t\t\t<div\n\t class=\"tribe-events-header__events-bar tribe-events-c-events-bar\" \tdata-js=\"tribe-events-events-bar\"\n>\n\n\t<h2 class=\"tribe-common-a11y-visual-hide\">\n\t\tViews Navigation\t<\/h2>\n\n\t\n\t<div class=\"tribe-events-c-events-bar__views\">\n\t<h3 class=\"tribe-common-a11y-visual-hide\">\n\t\tEvento Views Navigation\t<\/h3>\n\t<div  class=\"tribe-events-c-view-selector\"  data-js=\"tribe-events-view-selector\">\n\t\t<button\n\t\t\tclass=\"tribe-events-c-view-selector__button\"\n\t\t\tdata-js=\"tribe-events-view-selector-button\"\n\t\t>\n\t\t\t<span class=\"tribe-events-c-view-selector__button-icon tribe-common-svgicon tribe-common-svgicon--list\"><\/span>\n\t\t\t<span class=\"tribe-events-c-view-selector__button-text tribe-common-a11y-visual-hide\">\n\t\t\t\tList\t\t\t<\/span>\n\t\t<\/button>\n\t\t<div\n\tclass=\"tribe-events-c-view-selector__content\"\n\tid=\"tribe-events-view-selector-content\"\n\tdata-js=\"tribe-events-view-selector-list-container\"\n>\n\t<ul class=\"tribe-events-c-view-selector__list\">\n\t\t\t\t\t<li class=\"tribe-events-c-view-selector__list-item tribe-events-c-view-selector__list-item--list tribe-events-c-view-selector__list-item--active\">\n\t<a\n\t\thref=\"https:\/\/www.um.edu.mo\/pt-pt\/eventscalendar\/lista\/?shortcode=24f53d40\"\n\t\tclass=\"tribe-events-c-view-selector__list-item-link\"\n\t\tdata-js=\"tribe-events-view-link\"\n\t>\n\t\t<span class=\"tribe-events-c-view-selector__list-item-icon tribe-common-svgicon tribe-common-svgicon--list\"><\/span>\n\t\t<span class=\"tribe-events-c-view-selector__list-item-text\">\n\t\t\tList\t\t<\/span>\n\t<\/a>\n<\/li>\n\t\t\t\t\t<li class=\"tribe-events-c-view-selector__list-item tribe-events-c-view-selector__list-item--day\">\n\t<a\n\t\thref=\"https:\/\/www.um.edu.mo\/pt-pt\/eventscalendar\/Hoje\/?shortcode=24f53d40\"\n\t\tclass=\"tribe-events-c-view-selector__list-item-link\"\n\t\tdata-js=\"tribe-events-view-link\"\n\t>\n\t\t<span class=\"tribe-events-c-view-selector__list-item-icon tribe-common-svgicon tribe-common-svgicon--day\"><\/span>\n\t\t<span class=\"tribe-events-c-view-selector__list-item-text\">\n\t\t\tDay\t\t<\/span>\n\t<\/a>\n<\/li>\n\t\t\t<\/ul>\n<\/div>\n\t<\/div>\n<\/div>\n\n<\/div>\n\n\t\t\t\t\t<div class=\"tribe-events-c-top-bar tribe-events-header__top-bar\">\n\n\t<nav class=\"tribe-events-c-top-bar__nav tribe-common-a11y-hidden\">\n\t<ul class=\"tribe-events-c-top-bar__nav-list\">\n\t\t<li class=\"tribe-events-c-top-bar__nav-list-item\">\n\t<a\n\t\thref=\"https:\/\/www.um.edu.mo\/pt-pt\/eventscalendar\/lista\/?rest_route=%2Fwp%2Fv2%2Fpages%2F216377&#038;shortcode=24f53d40&#038;eventDisplay=past\"\n\t\tclass=\"tribe-common-c-btn-icon tribe-common-c-btn-icon--caret-left tribe-events-c-top-bar__nav-link tribe-events-c-top-bar__nav-link--prev\"\n\t\taria-label=\"Anterior Eventos\"\n\t\ttitle=\"Anterior Eventos\"\n\t\tdata-js=\"tribe-events-view-link\"\n\t>\n\t<\/a>\n<\/li>\n\n\t\t<li class=\"tribe-events-c-top-bar__nav-list-item\">\n\t<a\n\t\thref=\"https:\/\/www.um.edu.mo\/pt-pt\/eventscalendar\/lista\/p\u00e1gina\/2\/?shortcode=24f53d40\"\n\t\tclass=\"tribe-common-c-btn-icon tribe-common-c-btn-icon--caret-right tribe-events-c-top-bar__nav-link tribe-events-c-top-bar__nav-link--next\"\n\t\taria-label=\"Seguinte Eventos\"\n\t\ttitle=\"Seguinte Eventos\"\n\t\tdata-js=\"tribe-events-view-link\"\n\t>\n\t<\/a>\n<\/li>\n\t<\/ul>\n<\/nav>\n\n\t<a\n\thref=\"https:\/\/www.um.edu.mo\/pt-pt\/eventscalendar\/lista\/?rest_route=%2Fwp%2Fv2%2Fpages%2F216377&#038;shortcode=24f53d40\"\n\tclass=\"tribe-common-c-btn-border tribe-events-c-top-bar__today-button tribe-common-a11y-hidden\"\n\tdata-js=\"tribe-events-view-link\"\n\taria-label=\"Clique para selecionar a data de hoje\"\n\ttitle=\"Clique para selecionar a data de hoje\"\n>\n\tHoje<\/a>\n\n\t<div class=\"tribe-events-c-top-bar__datepicker\">\n\t<button\n\t\tclass=\"tribe-common-h3 tribe-common-h--alt tribe-events-c-top-bar__datepicker-button\"\n\t\tdata-js=\"tribe-events-top-bar-datepicker-button\"\n\t\ttype=\"button\"\n\t\taria-label=\"Click to toggle datepicker\"\n\t\ttitle=\"Click to toggle datepicker\"\n\t>\n\t\t<time\n\t\t\tdatetime=\"2026-04-30\"\n\t\t\tclass=\"tribe-events-c-top-bar__datepicker-time\"\n\t\t>\n\t\t\t\t\t\t\t<span class=\"tribe-events-c-top-bar__datepicker-mobile\">\n\t\t\t\t\tNow\t\t\t\t<\/span>\n\t\t\t\t<span class=\"tribe-events-c-top-bar__datepicker-desktop tribe-common-a11y-hidden\">\n\t\t\t\t\tNow\t\t\t\t<\/span>\n\t\t\t\t\t<\/time>\n\t\t\t\t\t<span class=\"tribe-events-c-top-bar__datepicker-separator\"> - <\/span>\n\t\t\t<time\n\t\t\t\tdatetime=\"2026-05-05\"\n\t\t\t\tclass=\"tribe-events-c-top-bar__datepicker-time\"\n\t\t\t>\n\t\t\t\t<span class=\"tribe-events-c-top-bar__datepicker-mobile\">\n\t\t\t\t\t5\/5\/2026\t\t\t\t<\/span>\n\t\t\t\t<span class=\"tribe-events-c-top-bar__datepicker-desktop tribe-common-a11y-hidden\">\n\t\t\t\t\t5 Maio\t\t\t\t<\/span>\n\t\t\t<\/time>\n\t\t\t<\/button>\n\t<label\n\t\tclass=\"tribe-events-c-top-bar__datepicker-label tribe-common-a11y-visual-hide\"\n\t\tfor=\"tribe-events-top-bar-date\"\n\t>\n\t\tSelecione data\t<\/label>\n\t<input\n\t\ttype=\"text\"\n\t\tclass=\"tribe-events-c-top-bar__datepicker-input tribe-common-a11y-visual-hide\"\n\t\tdata-js=\"tribe-events-top-bar-date\"\n\t\tid=\"tribe-events-top-bar-date\"\n\t\tname=\"tribe-events-views[tribe-bar-date]\"\n\t\tvalue=\"4\/30\/2026\"\n\t\ttabindex=\"-1\"\n\t\tautocomplete=\"off\"\n\t\treadonly=\"readonly\"\n\t\/>\n\t<div class=\"tribe-events-c-top-bar__datepicker-container\" data-js=\"tribe-events-top-bar-datepicker-container\"><\/div>\n<\/div>\n\n\t<div class=\"tribe-events-c-top-bar__actions tribe-common-a11y-hidden\">\n\t<\/div>\n\n<\/div>\n\t\t\t\t<\/header>\n\n\t\t\t\t\n\t\t\t\t<div class=\"tribe-events-calendar-list\">\n\t\t\t\t\t\t\t\t\t\t\t\t\t\t\t\t\n\t\t\t\t\t\t<div class=\"tribe-events-calendar-list__month-separator\">\n\t<time\n\t\tclass=\"tribe-events-calendar-list__month-separator-text tribe-common-h7 tribe-common-h6--min-medium tribe-common-h--alt\"\n\t\tdatetime=\"2026-04\"\n\t>\n\n\t\t\tAbril 2026\t\t<\/time>\n<\/div>\n\n\t\t\t\t\t\t<div  class=\"tribe-common-g-row tribe-events-calendar-list__event-row\" >\n\n\t<div class=\"tribe-events-calendar-list__event-date-tag tribe-common-g-col\">\n\t<time class=\"tribe-events-calendar-list__event-date-tag-datetime\" datetime=\"2026-04-30\">\n\t\t<span class=\"tribe-events-calendar-list__event-date-tag-weekday\">\n\t\t\tQui\t\t<\/span>\n\t\t<span class=\"tribe-events-calendar-list__event-date-tag-daynum tribe-common-h5 tribe-common-h4--min-medium\">\n\t\t\t30\t\t<\/span>\n\t<\/time>\n<\/div>\n\n\t<div class=\"tribe-events-calendar-list__event-wrapper tribe-common-g-col\">\n\t\t<article  class=\"tribe-events-calendar-list__event tribe-common-g-row tribe-common-g-row--gutters post-503122 tribe_events type-tribe_events status-publish has-post-thumbnail hentry\" >\n\t\t\t<div class=\"tribe-events-calendar-list__event-featured-image-wrapper tribe-common-g-col\">\n\t<a\n\t\thref=\"https:\/\/www.um.edu.mo\/pt-pt\/event\/63209\/\"\n\t\ttitle=\"FAH-CPC: Curso de Curta Dura\u00e7\u00e3o: L\u00ednguas e Ensino do Portugu\u00eas (PLE) no s\u00e9culo XXI\"\n\t\trel=\"bookmark\"\n\t\tclass=\"tribe-events-calendar-list__event-featured-image-link\"\n\t>\n\t\t<img\n\t\t\tsrc=\"https:\/\/www.um.edu.mo\/wp-content\/uploads\/2026\/02\/503122-pt_PT-poster.jpg\"\n\t\t\t\t\t\t\tsrcset=\"https:\/\/www.um.edu.mo\/wp-content\/uploads\/2026\/02\/503122-pt_PT-poster-200x283.jpg 200w, https:\/\/www.um.edu.mo\/wp-content\/uploads\/2026\/02\/503122-pt_PT-poster-212x300.jpg 212w, https:\/\/www.um.edu.mo\/wp-content\/uploads\/2026\/02\/503122-pt_PT-poster-400x566.jpg 400w, https:\/\/www.um.edu.mo\/wp-content\/uploads\/2026\/02\/503122-pt_PT-poster-600x849.jpg 600w, https:\/\/www.um.edu.mo\/wp-content\/uploads\/2026\/02\/503122-pt_PT-poster-724x1024.jpg 724w, https:\/\/www.um.edu.mo\/wp-content\/uploads\/2026\/02\/503122-pt_PT-poster-768x1086.jpg 768w, https:\/\/www.um.edu.mo\/wp-content\/uploads\/2026\/02\/503122-pt_PT-poster-800x1132.jpg 800w, https:\/\/www.um.edu.mo\/wp-content\/uploads\/2026\/02\/503122-pt_PT-poster-1086x1536.jpg 1086w, https:\/\/www.um.edu.mo\/wp-content\/uploads\/2026\/02\/503122-pt_PT-poster-1200x1698.jpg 1200w, https:\/\/www.um.edu.mo\/wp-content\/uploads\/2026\/02\/503122-pt_PT-poster-1448x2048.jpg 1448w, https:\/\/www.um.edu.mo\/wp-content\/uploads\/2026\/02\/503122-pt_PT-poster.jpg 1587w\"\n\t\t\t\t\t\t\t\t\t\t\t\t\ttitle=\"pt_PT-poster.jpg\"\n\t\t\t\t\t\tclass=\"tribe-events-calendar-list__event-featured-image\"\n\t\t\/>\n\t<\/a>\n<\/div>\n\n\t\t\t<div class=\"tribe-events-calendar-list__event-details tribe-common-g-col\">\n\n\t\t\t\t<header class=\"tribe-events-calendar-list__event-header\">\n\t\t\t\t\t<div class=\"tribe-events-calendar-list__event-datetime-wrapper tribe-common-b2\">\n\t\t<time class=\"tribe-events-calendar-list__event-datetime\" datetime=\"2026-03-11\">\n\t\t<span class=\"tribe-event-date-start\">11 Mar\u00e7o | 14:30<\/span>  -  <span class=\"tribe-event-date-end\">13 Maio | 17:30<\/span>\t<\/time>\n\t<\/div>\n\t\t\t\t\t<h3 class=\"tribe-events-calendar-list__event-title tribe-common-h6 tribe-common-h4--min-medium\">\n\t<a\n\t\thref=\"https:\/\/www.um.edu.mo\/pt-pt\/event\/63209\/\"\n\t\ttitle=\"FAH-CPC: Curso de Curta Dura\u00e7\u00e3o: L\u00ednguas e Ensino do Portugu\u00eas (PLE) no s\u00e9culo XXI\"\n\t\trel=\"bookmark\"\n\t\tclass=\"tribe-events-calendar-list__event-title-link tribe-common-anchor-thin\"\n\t>\n\t\tFAH-CPC: Curso de Curta Dura\u00e7\u00e3o: L\u00ednguas e Ensino do Portugu\u00eas (PLE) no s\u00e9culo XXI\t<\/a>\n<\/h3>\n\t\t\t\t\t<address class=\"tribe-events-calendar-list__event-venue tribe-common-b2\">\n\t<span class=\"tribe-events-calendar-list__event-venue-title tribe-common-b2--bold\">\n\t\tUniversidade de Macau\t<\/span>\n\t<span class=\"tribe-events-calendar-list__event-venue-address\">\n\t\t\t\t\t<\/span>\n<\/address>\n\t\t\t\t<\/header>\n\t\t\t\t\n\t\t\t\t\t\t\t\t\n\t\t\t<\/div>\n\t\t<\/article>\n\t<\/div>\n\n<\/div>\n\n\t\t\t\t\t\t\t\t\t\t\t\n\t\t\t\t\t\t\n\t\t\t\t\t\t<div  class=\"tribe-common-g-row tribe-events-calendar-list__event-row\" >\n\n\t<div class=\"tribe-events-calendar-list__event-date-tag tribe-common-g-col\">\n\t<time class=\"tribe-events-calendar-list__event-date-tag-datetime\" datetime=\"2026-04-30\">\n\t\t<span class=\"tribe-events-calendar-list__event-date-tag-weekday\">\n\t\t\tQui\t\t<\/span>\n\t\t<span class=\"tribe-events-calendar-list__event-date-tag-daynum tribe-common-h5 tribe-common-h4--min-medium\">\n\t\t\t30\t\t<\/span>\n\t<\/time>\n<\/div>\n\n\t<div class=\"tribe-events-calendar-list__event-wrapper tribe-common-g-col\">\n\t\t<article  class=\"tribe-events-calendar-list__event tribe-common-g-row tribe-common-g-row--gutters post-523564 tribe_events type-tribe_events status-publish has-post-thumbnail hentry\" >\n\t\t\t<div class=\"tribe-events-calendar-list__event-featured-image-wrapper tribe-common-g-col\">\n\t<a\n\t\thref=\"https:\/\/www.um.edu.mo\/pt-pt\/event\/63769\/\"\n\t\ttitle=\"UM Library Week &#8212; Good Book Exchange @UM Library\"\n\t\trel=\"bookmark\"\n\t\tclass=\"tribe-events-calendar-list__event-featured-image-link\"\n\t>\n\t\t<img\n\t\t\tsrc=\"https:\/\/www.um.edu.mo\/wp-content\/uploads\/2026\/04\/523564-pt_PT-poster.jpg\"\n\t\t\t\t\t\t\tsrcset=\"https:\/\/www.um.edu.mo\/wp-content\/uploads\/2026\/04\/523564-pt_PT-poster-200x283.jpg 200w, https:\/\/www.um.edu.mo\/wp-content\/uploads\/2026\/04\/523564-pt_PT-poster-212x300.jpg 212w, https:\/\/www.um.edu.mo\/wp-content\/uploads\/2026\/04\/523564-pt_PT-poster-400x566.jpg 400w, https:\/\/www.um.edu.mo\/wp-content\/uploads\/2026\/04\/523564-pt_PT-poster-600x849.jpg 600w, https:\/\/www.um.edu.mo\/wp-content\/uploads\/2026\/04\/523564-pt_PT-poster-724x1024.jpg 724w, https:\/\/www.um.edu.mo\/wp-content\/uploads\/2026\/04\/523564-pt_PT-poster-768x1086.jpg 768w, https:\/\/www.um.edu.mo\/wp-content\/uploads\/2026\/04\/523564-pt_PT-poster-800x1132.jpg 800w, https:\/\/www.um.edu.mo\/wp-content\/uploads\/2026\/04\/523564-pt_PT-poster-1086x1536.jpg 1086w, https:\/\/www.um.edu.mo\/wp-content\/uploads\/2026\/04\/523564-pt_PT-poster-1200x1698.jpg 1200w, https:\/\/www.um.edu.mo\/wp-content\/uploads\/2026\/04\/523564-pt_PT-poster-1448x2048.jpg 1448w, https:\/\/www.um.edu.mo\/wp-content\/uploads\/2026\/04\/523564-pt_PT-poster.jpg 1587w\"\n\t\t\t\t\t\t\t\t\t\t\t\t\ttitle=\"pt_PT-poster.jpg\"\n\t\t\t\t\t\tclass=\"tribe-events-calendar-list__event-featured-image\"\n\t\t\/>\n\t<\/a>\n<\/div>\n\n\t\t\t<div class=\"tribe-events-calendar-list__event-details tribe-common-g-col\">\n\n\t\t\t\t<header class=\"tribe-events-calendar-list__event-header\">\n\t\t\t\t\t<div class=\"tribe-events-calendar-list__event-datetime-wrapper tribe-common-b2\">\n\t\t<time class=\"tribe-events-calendar-list__event-datetime\" datetime=\"2026-04-20\">\n\t\t<span class=\"tribe-event-date-start\">20 Abril | 10:00<\/span>  -  <span class=\"tribe-event-date-end\">31 Dezembro | 17:00<\/span>\t<\/time>\n\t<\/div>\n\t\t\t\t\t<h3 class=\"tribe-events-calendar-list__event-title tribe-common-h6 tribe-common-h4--min-medium\">\n\t<a\n\t\thref=\"https:\/\/www.um.edu.mo\/pt-pt\/event\/63769\/\"\n\t\ttitle=\"UM Library Week &#8212; Good Book Exchange @UM Library\"\n\t\trel=\"bookmark\"\n\t\tclass=\"tribe-events-calendar-list__event-title-link tribe-common-anchor-thin\"\n\t>\n\t\tUM Library Week &#8212; Good Book Exchange @UM Library\t<\/a>\n<\/h3>\n\t\t\t\t\t<address class=\"tribe-events-calendar-list__event-venue tribe-common-b2\">\n\t<span class=\"tribe-events-calendar-list__event-venue-title tribe-common-b2--bold\">\n\t\tRoom G028, G\/F of the UM Library (E2)\t<\/span>\n\t<span class=\"tribe-events-calendar-list__event-venue-address\">\n\t\t\t\t\t<\/span>\n<\/address>\n\t\t\t\t<\/header>\n\t\t\t\t\n\t\t\t\t\t\t\t\t\n\t\t\t<\/div>\n\t\t<\/article>\n\t<\/div>\n\n<\/div>\n\n\t\t\t\t\t\t\t\t\t\t\t\n\t\t\t\t\t\t\n\t\t\t\t\t\t<div  class=\"tribe-common-g-row tribe-events-calendar-list__event-row\" >\n\n\t<div class=\"tribe-events-calendar-list__event-date-tag tribe-common-g-col\">\n\t<time class=\"tribe-events-calendar-list__event-date-tag-datetime\" datetime=\"2026-04-30\">\n\t\t<span class=\"tribe-events-calendar-list__event-date-tag-weekday\">\n\t\t\tQui\t\t<\/span>\n\t\t<span class=\"tribe-events-calendar-list__event-date-tag-daynum tribe-common-h5 tribe-common-h4--min-medium\">\n\t\t\t30\t\t<\/span>\n\t<\/time>\n<\/div>\n\n\t<div class=\"tribe-events-calendar-list__event-wrapper tribe-common-g-col\">\n\t\t<article  class=\"tribe-events-calendar-list__event tribe-common-g-row tribe-common-g-row--gutters post-524311 tribe_events type-tribe_events status-publish has-post-thumbnail hentry\" >\n\t\t\t<div class=\"tribe-events-calendar-list__event-featured-image-wrapper tribe-common-g-col\">\n\t<a\n\t\thref=\"https:\/\/www.um.edu.mo\/pt-pt\/event\/63771\/\"\n\t\ttitle=\"UM Library Week &#8212; Reading Classics: check-in to redeem prizes\"\n\t\trel=\"bookmark\"\n\t\tclass=\"tribe-events-calendar-list__event-featured-image-link\"\n\t>\n\t\t<img\n\t\t\tsrc=\"https:\/\/www.um.edu.mo\/wp-content\/uploads\/2026\/04\/524311-pt_PT-poster.jpg\"\n\t\t\t\t\t\t\tsrcset=\"https:\/\/www.um.edu.mo\/wp-content\/uploads\/2026\/04\/524311-pt_PT-poster-200x283.jpg 200w, https:\/\/www.um.edu.mo\/wp-content\/uploads\/2026\/04\/524311-pt_PT-poster-212x300.jpg 212w, https:\/\/www.um.edu.mo\/wp-content\/uploads\/2026\/04\/524311-pt_PT-poster-400x566.jpg 400w, https:\/\/www.um.edu.mo\/wp-content\/uploads\/2026\/04\/524311-pt_PT-poster-600x849.jpg 600w, https:\/\/www.um.edu.mo\/wp-content\/uploads\/2026\/04\/524311-pt_PT-poster-724x1024.jpg 724w, https:\/\/www.um.edu.mo\/wp-content\/uploads\/2026\/04\/524311-pt_PT-poster-768x1086.jpg 768w, https:\/\/www.um.edu.mo\/wp-content\/uploads\/2026\/04\/524311-pt_PT-poster-800x1132.jpg 800w, https:\/\/www.um.edu.mo\/wp-content\/uploads\/2026\/04\/524311-pt_PT-poster-1086x1536.jpg 1086w, https:\/\/www.um.edu.mo\/wp-content\/uploads\/2026\/04\/524311-pt_PT-poster-1200x1698.jpg 1200w, https:\/\/www.um.edu.mo\/wp-content\/uploads\/2026\/04\/524311-pt_PT-poster-1448x2048.jpg 1448w, https:\/\/www.um.edu.mo\/wp-content\/uploads\/2026\/04\/524311-pt_PT-poster.jpg 1587w\"\n\t\t\t\t\t\t\t\t\t\t\t\t\ttitle=\"pt_PT-poster.jpg\"\n\t\t\t\t\t\tclass=\"tribe-events-calendar-list__event-featured-image\"\n\t\t\/>\n\t<\/a>\n<\/div>\n\n\t\t\t<div class=\"tribe-events-calendar-list__event-details tribe-common-g-col\">\n\n\t\t\t\t<header class=\"tribe-events-calendar-list__event-header\">\n\t\t\t\t\t<div class=\"tribe-events-calendar-list__event-datetime-wrapper tribe-common-b2\">\n\t\t<time class=\"tribe-events-calendar-list__event-datetime\" datetime=\"2026-04-22\">\n\t\t<span class=\"tribe-event-date-start\">22 Abril | 10:00<\/span>  -  <span class=\"tribe-event-date-end\">8 Maio | 17:30<\/span>\t<\/time>\n\t<\/div>\n\t\t\t\t\t<h3 class=\"tribe-events-calendar-list__event-title tribe-common-h6 tribe-common-h4--min-medium\">\n\t<a\n\t\thref=\"https:\/\/www.um.edu.mo\/pt-pt\/event\/63771\/\"\n\t\ttitle=\"UM Library Week &#8212; Reading Classics: check-in to redeem prizes\"\n\t\trel=\"bookmark\"\n\t\tclass=\"tribe-events-calendar-list__event-title-link tribe-common-anchor-thin\"\n\t>\n\t\tUM Library Week &#8212; Reading Classics: check-in to redeem prizes\t<\/a>\n<\/h3>\n\t\t\t\t\t<address class=\"tribe-events-calendar-list__event-venue tribe-common-b2\">\n\t<span class=\"tribe-events-calendar-list__event-venue-title tribe-common-b2--bold\">\n\t\tRoom G028, G\/F of the UM Library (E2)\t<\/span>\n\t<span class=\"tribe-events-calendar-list__event-venue-address\">\n\t\t\t\t\t<\/span>\n<\/address>\n\t\t\t\t<\/header>\n\t\t\t\t\n\t\t\t\t\t\t\t\t\n\t\t\t<\/div>\n\t\t<\/article>\n\t<\/div>\n\n<\/div>\n\n\t\t\t\t\t\t\t\t\t\t\t\n\t\t\t\t\t\t\n\t\t\t\t\t\t<div  class=\"tribe-common-g-row tribe-events-calendar-list__event-row\" >\n\n\t<div class=\"tribe-events-calendar-list__event-date-tag tribe-common-g-col\">\n\t<time class=\"tribe-events-calendar-list__event-date-tag-datetime\" datetime=\"2026-04-30\">\n\t\t<span class=\"tribe-events-calendar-list__event-date-tag-weekday\">\n\t\t\tQui\t\t<\/span>\n\t\t<span class=\"tribe-events-calendar-list__event-date-tag-daynum tribe-common-h5 tribe-common-h4--min-medium\">\n\t\t\t30\t\t<\/span>\n\t<\/time>\n<\/div>\n\n\t<div class=\"tribe-events-calendar-list__event-wrapper tribe-common-g-col\">\n\t\t<article  class=\"tribe-events-calendar-list__event tribe-common-g-row tribe-common-g-row--gutters post-528244 tribe_events type-tribe_events status-publish has-post-thumbnail hentry\" >\n\t\t\t<div class=\"tribe-events-calendar-list__event-featured-image-wrapper tribe-common-g-col\">\n\t<a\n\t\thref=\"https:\/\/www.um.edu.mo\/pt-pt\/event\/63855\/\"\n\t\ttitle=\"UM Library Week &#8212; Building the Greater Bay Together \u00b7 Sharing Knowledge for Mutual Success \u2014 Joint Intellectual Property Exhibition by UM Library and Guangdong Science &amp; Technology Library\"\n\t\trel=\"bookmark\"\n\t\tclass=\"tribe-events-calendar-list__event-featured-image-link\"\n\t>\n\t\t<img\n\t\t\tsrc=\"https:\/\/www.um.edu.mo\/wp-content\/uploads\/2026\/04\/528244-pt_PT-poster.jpg\"\n\t\t\t\t\t\t\tsrcset=\"https:\/\/www.um.edu.mo\/wp-content\/uploads\/2026\/04\/528244-pt_PT-poster-182x300.jpg 182w, https:\/\/www.um.edu.mo\/wp-content\/uploads\/2026\/04\/528244-pt_PT-poster-200x329.jpg 200w, https:\/\/www.um.edu.mo\/wp-content\/uploads\/2026\/04\/528244-pt_PT-poster-400x658.jpg 400w, https:\/\/www.um.edu.mo\/wp-content\/uploads\/2026\/04\/528244-pt_PT-poster-600x988.jpg 600w, https:\/\/www.um.edu.mo\/wp-content\/uploads\/2026\/04\/528244-pt_PT-poster-622x1024.jpg 622w, https:\/\/www.um.edu.mo\/wp-content\/uploads\/2026\/04\/528244-pt_PT-poster.jpg 743w\"\n\t\t\t\t\t\t\t\t\t\t\t\t\ttitle=\"pt_PT-poster.jpg\"\n\t\t\t\t\t\tclass=\"tribe-events-calendar-list__event-featured-image\"\n\t\t\/>\n\t<\/a>\n<\/div>\n\n\t\t\t<div class=\"tribe-events-calendar-list__event-details tribe-common-g-col\">\n\n\t\t\t\t<header class=\"tribe-events-calendar-list__event-header\">\n\t\t\t\t\t<div class=\"tribe-events-calendar-list__event-datetime-wrapper tribe-common-b2\">\n\t\t<time class=\"tribe-events-calendar-list__event-datetime\" datetime=\"2026-04-26\">\n\t\t<span class=\"tribe-event-date-start\">26 Abril | 08:00<\/span>  -  <span class=\"tribe-event-date-end\">31 Maio | 00:00<\/span>\t<\/time>\n\t<\/div>\n\t\t\t\t\t<h3 class=\"tribe-events-calendar-list__event-title tribe-common-h6 tribe-common-h4--min-medium\">\n\t<a\n\t\thref=\"https:\/\/www.um.edu.mo\/pt-pt\/event\/63855\/\"\n\t\ttitle=\"UM Library Week &#8212; Building the Greater Bay Together \u00b7 Sharing Knowledge for Mutual Success \u2014 Joint Intellectual Property Exhibition by UM Library and Guangdong Science &amp; Technology Library\"\n\t\trel=\"bookmark\"\n\t\tclass=\"tribe-events-calendar-list__event-title-link tribe-common-anchor-thin\"\n\t>\n\t\tUM Library Week &#8212; Building the Greater Bay Together \u00b7 Sharing Knowledge for Mutual Success \u2014 Joint Intellectual Property Exhibition by UM Library and Guangdong Science &amp; Technology Library\t<\/a>\n<\/h3>\n\t\t\t\t\t<address class=\"tribe-events-calendar-list__event-venue tribe-common-b2\">\n\t<span class=\"tribe-events-calendar-list__event-venue-title tribe-common-b2--bold\">\n\t\tLobby, University Library(E2) G\/F\t<\/span>\n\t<span class=\"tribe-events-calendar-list__event-venue-address\">\n\t\t\t\t\t<\/span>\n<\/address>\n\t\t\t\t<\/header>\n\t\t\t\t\n\t\t\t\t\t\t\t\t\n\t\t\t<\/div>\n\t\t<\/article>\n\t<\/div>\n\n<\/div>\n\n\t\t\t\t\t\t\t\t\t\t\t\n\t\t\t\t\t\t\n\t\t\t\t\t\t<div  class=\"tribe-common-g-row tribe-events-calendar-list__event-row\" >\n\n\t<div class=\"tribe-events-calendar-list__event-date-tag tribe-common-g-col\">\n\t<time class=\"tribe-events-calendar-list__event-date-tag-datetime\" datetime=\"2026-04-30\">\n\t\t<span class=\"tribe-events-calendar-list__event-date-tag-weekday\">\n\t\t\tQui\t\t<\/span>\n\t\t<span class=\"tribe-events-calendar-list__event-date-tag-daynum tribe-common-h5 tribe-common-h4--min-medium\">\n\t\t\t30\t\t<\/span>\n\t<\/time>\n<\/div>\n\n\t<div class=\"tribe-events-calendar-list__event-wrapper tribe-common-g-col\">\n\t\t<article  class=\"tribe-events-calendar-list__event tribe-common-g-row tribe-common-g-row--gutters post-526363 tribe_events type-tribe_events status-publish has-post-thumbnail hentry\" >\n\t\t\t<div class=\"tribe-events-calendar-list__event-featured-image-wrapper tribe-common-g-col\">\n\t<a\n\t\thref=\"https:\/\/www.um.edu.mo\/pt-pt\/event\/63821\/\"\n\t\ttitle=\"FAH\/DAD Exhibition : Whispers of the Steppe: Inner Mongolia\u2019s Architectural Wonders in Macao\"\n\t\trel=\"bookmark\"\n\t\tclass=\"tribe-events-calendar-list__event-featured-image-link\"\n\t>\n\t\t<img\n\t\t\tsrc=\"https:\/\/www.um.edu.mo\/wp-content\/uploads\/2026\/04\/526363-pt_PT-poster.jpg\"\n\t\t\t\t\t\t\tsrcset=\"https:\/\/www.um.edu.mo\/wp-content\/uploads\/2026\/04\/526363-pt_PT-poster-200x150.jpg 200w, https:\/\/www.um.edu.mo\/wp-content\/uploads\/2026\/04\/526363-pt_PT-poster-300x225.jpg 300w, https:\/\/www.um.edu.mo\/wp-content\/uploads\/2026\/04\/526363-pt_PT-poster-400x300.jpg 400w, https:\/\/www.um.edu.mo\/wp-content\/uploads\/2026\/04\/526363-pt_PT-poster-600x450.jpg 600w, https:\/\/www.um.edu.mo\/wp-content\/uploads\/2026\/04\/526363-pt_PT-poster-768x576.jpg 768w, https:\/\/www.um.edu.mo\/wp-content\/uploads\/2026\/04\/526363-pt_PT-poster-800x600.jpg 800w, https:\/\/www.um.edu.mo\/wp-content\/uploads\/2026\/04\/526363-pt_PT-poster-1024x768.jpg 1024w, https:\/\/www.um.edu.mo\/wp-content\/uploads\/2026\/04\/526363-pt_PT-poster.jpg 1080w\"\n\t\t\t\t\t\t\t\t\t\t\t\t\ttitle=\"pt_PT-poster.jpg\"\n\t\t\t\t\t\tclass=\"tribe-events-calendar-list__event-featured-image\"\n\t\t\/>\n\t<\/a>\n<\/div>\n\n\t\t\t<div class=\"tribe-events-calendar-list__event-details tribe-common-g-col\">\n\n\t\t\t\t<header class=\"tribe-events-calendar-list__event-header\">\n\t\t\t\t\t<div class=\"tribe-events-calendar-list__event-datetime-wrapper tribe-common-b2\">\n\t\t<time class=\"tribe-events-calendar-list__event-datetime\" datetime=\"2026-04-27\">\n\t\t<span class=\"tribe-event-date-start\">27 Abril | 10:00<\/span>  -  <span class=\"tribe-event-date-end\">4 Maio | 17:00<\/span>\t<\/time>\n\t<\/div>\n\t\t\t\t\t<h3 class=\"tribe-events-calendar-list__event-title tribe-common-h6 tribe-common-h4--min-medium\">\n\t<a\n\t\thref=\"https:\/\/www.um.edu.mo\/pt-pt\/event\/63821\/\"\n\t\ttitle=\"FAH\/DAD Exhibition : Whispers of the Steppe: Inner Mongolia\u2019s Architectural Wonders in Macao\"\n\t\trel=\"bookmark\"\n\t\tclass=\"tribe-events-calendar-list__event-title-link tribe-common-anchor-thin\"\n\t>\n\t\tFAH\/DAD Exhibition : Whispers of the Steppe: Inner Mongolia\u2019s Architectural Wonders in Macao\t<\/a>\n<\/h3>\n\t\t\t\t\t<address class=\"tribe-events-calendar-list__event-venue tribe-common-b2\">\n\t<span class=\"tribe-events-calendar-list__event-venue-title tribe-common-b2--bold\">\n\t\tW32-G043, University of Macau\t<\/span>\n\t<span class=\"tribe-events-calendar-list__event-venue-address\">\n\t\t\t\t\t<\/span>\n<\/address>\n\t\t\t\t<\/header>\n\t\t\t\t\n\t\t\t\t\t\t\t\t\n\t\t\t<\/div>\n\t\t<\/article>\n\t<\/div>\n\n<\/div>\n\n\t\t\t\t\t\t\t\t\t\t\t\n\t\t\t\t\t\t\n\t\t\t\t\t\t<div  class=\"tribe-common-g-row tribe-events-calendar-list__event-row\" >\n\n\t<div class=\"tribe-events-calendar-list__event-date-tag tribe-common-g-col\">\n\t<time class=\"tribe-events-calendar-list__event-date-tag-datetime\" datetime=\"2026-04-30\">\n\t\t<span class=\"tribe-events-calendar-list__event-date-tag-weekday\">\n\t\t\tQui\t\t<\/span>\n\t\t<span class=\"tribe-events-calendar-list__event-date-tag-daynum tribe-common-h5 tribe-common-h4--min-medium\">\n\t\t\t30\t\t<\/span>\n\t<\/time>\n<\/div>\n\n\t<div class=\"tribe-events-calendar-list__event-wrapper tribe-common-g-col\">\n\t\t<article  class=\"tribe-events-calendar-list__event tribe-common-g-row tribe-common-g-row--gutters post-526078 tribe_events type-tribe_events status-publish has-post-thumbnail hentry\" >\n\t\t\t<div class=\"tribe-events-calendar-list__event-featured-image-wrapper tribe-common-g-col\">\n\t<a\n\t\thref=\"https:\/\/www.um.edu.mo\/pt-pt\/event\/63814\/\"\n\t\ttitle=\"FAH\/DAD Exhibition: Doctor of Design in Visual Communication Design \u2014 Student Presentations and Public Seminar on Color Theory\"\n\t\trel=\"bookmark\"\n\t\tclass=\"tribe-events-calendar-list__event-featured-image-link\"\n\t>\n\t\t<img\n\t\t\tsrc=\"https:\/\/www.um.edu.mo\/wp-content\/uploads\/2026\/04\/526078-pt_PT-poster.jpg\"\n\t\t\t\t\t\t\tsrcset=\"https:\/\/www.um.edu.mo\/wp-content\/uploads\/2026\/04\/526078-pt_PT-poster-200x267.jpg 200w, https:\/\/www.um.edu.mo\/wp-content\/uploads\/2026\/04\/526078-pt_PT-poster-225x300.jpg 225w, https:\/\/www.um.edu.mo\/wp-content\/uploads\/2026\/04\/526078-pt_PT-poster-400x533.jpg 400w, https:\/\/www.um.edu.mo\/wp-content\/uploads\/2026\/04\/526078-pt_PT-poster-600x800.jpg 600w, https:\/\/www.um.edu.mo\/wp-content\/uploads\/2026\/04\/526078-pt_PT-poster-768x1024.jpg 768w, https:\/\/www.um.edu.mo\/wp-content\/uploads\/2026\/04\/526078-pt_PT-poster-800x1067.jpg 800w, https:\/\/www.um.edu.mo\/wp-content\/uploads\/2026\/04\/526078-pt_PT-poster.jpg 1008w\"\n\t\t\t\t\t\t\t\t\t\t\t\t\ttitle=\"pt_PT-poster.jpg\"\n\t\t\t\t\t\tclass=\"tribe-events-calendar-list__event-featured-image\"\n\t\t\/>\n\t<\/a>\n<\/div>\n\n\t\t\t<div class=\"tribe-events-calendar-list__event-details tribe-common-g-col\">\n\n\t\t\t\t<header class=\"tribe-events-calendar-list__event-header\">\n\t\t\t\t\t<div class=\"tribe-events-calendar-list__event-datetime-wrapper tribe-common-b2\">\n\t\t<time class=\"tribe-events-calendar-list__event-datetime\" datetime=\"2026-04-30\">\n\t\t<span class=\"tribe-event-date-start\">30 Abril | 09:00<\/span>  -  <span class=\"tribe-event-date-end\">7 Maio | 19:00<\/span>\t<\/time>\n\t<\/div>\n\t\t\t\t\t<h3 class=\"tribe-events-calendar-list__event-title tribe-common-h6 tribe-common-h4--min-medium\">\n\t<a\n\t\thref=\"https:\/\/www.um.edu.mo\/pt-pt\/event\/63814\/\"\n\t\ttitle=\"FAH\/DAD Exhibition: Doctor of Design in Visual Communication Design \u2014 Student Presentations and Public Seminar on Color Theory\"\n\t\trel=\"bookmark\"\n\t\tclass=\"tribe-events-calendar-list__event-title-link tribe-common-anchor-thin\"\n\t>\n\t\tFAH\/DAD Exhibition: Doctor of Design in Visual Communication Design \u2014 Student Presentations and Public Seminar on Color Theory\t<\/a>\n<\/h3>\n\t\t\t\t\t<address class=\"tribe-events-calendar-list__event-venue tribe-common-b2\">\n\t<span class=\"tribe-events-calendar-list__event-venue-title tribe-common-b2--bold\">\n\t\tLobby, Cultural Building (E34)\t<\/span>\n\t<span class=\"tribe-events-calendar-list__event-venue-address\">\n\t\t\t\t\t<\/span>\n<\/address>\n\t\t\t\t<\/header>\n\t\t\t\t\n\t\t\t\t\t\t\t\t\n\t\t\t<\/div>\n\t\t<\/article>\n\t<\/div>\n\n<\/div>\n\n\t\t\t\t\t\t\t\t\t\t\t\n\t\t\t\t\t\t<div class=\"tribe-events-calendar-list__month-separator\">\n\t<time\n\t\tclass=\"tribe-events-calendar-list__month-separator-text tribe-common-h7 tribe-common-h6--min-medium tribe-common-h--alt\"\n\t\tdatetime=\"2026-05\"\n\t>\n\n\t\t\tMaio 2026\t\t<\/time>\n<\/div>\n\n\t\t\t\t\t\t<div  class=\"tribe-common-g-row tribe-events-calendar-list__event-row\" >\n\n\t<div class=\"tribe-events-calendar-list__event-date-tag tribe-common-g-col\">\n\t<time class=\"tribe-events-calendar-list__event-date-tag-datetime\" datetime=\"2026-05-04\">\n\t\t<span class=\"tribe-events-calendar-list__event-date-tag-weekday\">\n\t\t\tSeg\t\t<\/span>\n\t\t<span class=\"tribe-events-calendar-list__event-date-tag-daynum tribe-common-h5 tribe-common-h4--min-medium\">\n\t\t\t4\t\t<\/span>\n\t<\/time>\n<\/div>\n\n\t<div class=\"tribe-events-calendar-list__event-wrapper tribe-common-g-col\">\n\t\t<article  class=\"tribe-events-calendar-list__event tribe-common-g-row tribe-common-g-row--gutters post-512077 tribe_events type-tribe_events status-publish has-post-thumbnail hentry tribe_events_cat-others cat_others\" >\n\t\t\t<div class=\"tribe-events-calendar-list__event-featured-image-wrapper tribe-common-g-col\">\n\t<a\n\t\thref=\"https:\/\/www.um.edu.mo\/pt-pt\/event\/63469\/\"\n\t\ttitle=\"Admission to Bachelor\u2019s Degree Programmes for Chinese Mainland Gaokao Students 2026\/2027 (Application period: 04\/05-26\/06\/2026)\"\n\t\trel=\"bookmark\"\n\t\tclass=\"tribe-events-calendar-list__event-featured-image-link\"\n\t>\n\t\t<img\n\t\t\tsrc=\"https:\/\/www.um.edu.mo\/wp-content\/uploads\/2026\/03\/512077-pt_PT-poster.jpg\"\n\t\t\t\t\t\t\tsrcset=\"https:\/\/www.um.edu.mo\/wp-content\/uploads\/2026\/03\/512077-pt_PT-poster-200x139.jpg 200w, https:\/\/www.um.edu.mo\/wp-content\/uploads\/2026\/03\/512077-pt_PT-poster-300x209.jpg 300w, https:\/\/www.um.edu.mo\/wp-content\/uploads\/2026\/03\/512077-pt_PT-poster-400x279.jpg 400w, https:\/\/www.um.edu.mo\/wp-content\/uploads\/2026\/03\/512077-pt_PT-poster.jpg 555w\"\n\t\t\t\t\t\t\t\t\t\t\t\t\ttitle=\"pt_PT-poster.jpg\"\n\t\t\t\t\t\tclass=\"tribe-events-calendar-list__event-featured-image\"\n\t\t\/>\n\t<\/a>\n<\/div>\n\n\t\t\t<div class=\"tribe-events-calendar-list__event-details tribe-common-g-col\">\n\n\t\t\t\t<header class=\"tribe-events-calendar-list__event-header\">\n\t\t\t\t\t<div class=\"tribe-events-calendar-list__event-datetime-wrapper tribe-common-b2\">\n\t\t<time class=\"tribe-events-calendar-list__event-datetime\" datetime=\"2026-05-04\">\n\t\t<span class=\"tribe-event-date-start\">4 Maio | 09:00<\/span>  -  <span class=\"tribe-event-date-end\">26 Junho | 23:59<\/span>\t<\/time>\n\t<\/div>\n\t\t\t\t\t<h3 class=\"tribe-events-calendar-list__event-title tribe-common-h6 tribe-common-h4--min-medium\">\n\t<a\n\t\thref=\"https:\/\/www.um.edu.mo\/pt-pt\/event\/63469\/\"\n\t\ttitle=\"Admission to Bachelor\u2019s Degree Programmes for Chinese Mainland Gaokao Students 2026\/2027 (Application period: 04\/05-26\/06\/2026)\"\n\t\trel=\"bookmark\"\n\t\tclass=\"tribe-events-calendar-list__event-title-link tribe-common-anchor-thin\"\n\t>\n\t\tAdmission to Bachelor\u2019s Degree Programmes for Chinese Mainland Gaokao Students 2026\/2027 (Application period: 04\/05-26\/06\/2026)\t<\/a>\n<\/h3>\n\t\t\t\t\t<address class=\"tribe-events-calendar-list__event-venue tribe-common-b2\">\n\t<span class=\"tribe-events-calendar-list__event-venue-title tribe-common-b2--bold\">\n\t\tOnline Application system at https:\/\/reg.um.edu.mo\/gk (Open during application period)\t<\/span>\n\t<span class=\"tribe-events-calendar-list__event-venue-address\">\n\t\t\t\t\t<\/span>\n<\/address>\n\t\t\t\t<\/header>\n\t\t\t\t\n\t\t\t\t\t\t\t\t\n\t\t\t<\/div>\n\t\t<\/article>\n\t<\/div>\n\n<\/div>\n\n\t\t\t\t\t\t\t\t\t\t\t\n\t\t\t\t\t\t\n\t\t\t\t\t\t<div  class=\"tribe-common-g-row tribe-events-calendar-list__event-row\" >\n\n\t<div class=\"tribe-events-calendar-list__event-date-tag tribe-common-g-col\">\n\t<time class=\"tribe-events-calendar-list__event-date-tag-datetime\" datetime=\"2026-05-04\">\n\t\t<span class=\"tribe-events-calendar-list__event-date-tag-weekday\">\n\t\t\tSeg\t\t<\/span>\n\t\t<span class=\"tribe-events-calendar-list__event-date-tag-daynum tribe-common-h5 tribe-common-h4--min-medium\">\n\t\t\t4\t\t<\/span>\n\t<\/time>\n<\/div>\n\n\t<div class=\"tribe-events-calendar-list__event-wrapper tribe-common-g-col\">\n\t\t<article  class=\"tribe-events-calendar-list__event tribe-common-g-row tribe-common-g-row--gutters post-526240 tribe_events type-tribe_events status-publish has-post-thumbnail hentry tribe_events_cat-seminar-lecture cat_seminar-lecture\" >\n\t\t\t<div class=\"tribe-events-calendar-list__event-featured-image-wrapper tribe-common-g-col\">\n\t<a\n\t\thref=\"https:\/\/www.um.edu.mo\/pt-pt\/event\/63818\/\"\n\t\ttitle=\"Celebrating the 45th Anniversary of the University of Macau: ICI Seminar Series by Prof. Pantelis LIOUMIS, Aalto University\"\n\t\trel=\"bookmark\"\n\t\tclass=\"tribe-events-calendar-list__event-featured-image-link\"\n\t>\n\t\t<img\n\t\t\tsrc=\"https:\/\/www.um.edu.mo\/wp-content\/uploads\/2026\/04\/526240-pt_PT-poster-scaled.jpg\"\n\t\t\t\t\t\t\tsrcset=\"https:\/\/www.um.edu.mo\/wp-content\/uploads\/2026\/04\/526240-pt_PT-poster-200x267.jpg 200w, https:\/\/www.um.edu.mo\/wp-content\/uploads\/2026\/04\/526240-pt_PT-poster-225x300.jpg 225w, https:\/\/www.um.edu.mo\/wp-content\/uploads\/2026\/04\/526240-pt_PT-poster-400x533.jpg 400w, https:\/\/www.um.edu.mo\/wp-content\/uploads\/2026\/04\/526240-pt_PT-poster-600x800.jpg 600w, https:\/\/www.um.edu.mo\/wp-content\/uploads\/2026\/04\/526240-pt_PT-poster-768x1024.jpg 768w, https:\/\/www.um.edu.mo\/wp-content\/uploads\/2026\/04\/526240-pt_PT-poster-800x1067.jpg 800w, https:\/\/www.um.edu.mo\/wp-content\/uploads\/2026\/04\/526240-pt_PT-poster-1152x1536.jpg 1152w, https:\/\/www.um.edu.mo\/wp-content\/uploads\/2026\/04\/526240-pt_PT-poster-1200x1600.jpg 1200w, https:\/\/www.um.edu.mo\/wp-content\/uploads\/2026\/04\/526240-pt_PT-poster-1536x2048.jpg 1536w, https:\/\/www.um.edu.mo\/wp-content\/uploads\/2026\/04\/526240-pt_PT-poster-scaled.jpg 1920w\"\n\t\t\t\t\t\t\t\t\t\t\t\t\ttitle=\"pt_PT-poster.jpg\"\n\t\t\t\t\t\tclass=\"tribe-events-calendar-list__event-featured-image\"\n\t\t\/>\n\t<\/a>\n<\/div>\n\n\t\t\t<div class=\"tribe-events-calendar-list__event-details tribe-common-g-col\">\n\n\t\t\t\t<header class=\"tribe-events-calendar-list__event-header\">\n\t\t\t\t\t<div class=\"tribe-events-calendar-list__event-datetime-wrapper tribe-common-b2\">\n\t\t<time class=\"tribe-events-calendar-list__event-datetime\" datetime=\"2026-05-04\">\n\t\t<span class=\"tribe-event-date-start\">4 Maio | 11:00<\/span>  -  <span class=\"tribe-event-time\">12:00<\/span>\t<\/time>\n\t<\/div>\n\t\t\t\t\t<h3 class=\"tribe-events-calendar-list__event-title tribe-common-h6 tribe-common-h4--min-medium\">\n\t<a\n\t\thref=\"https:\/\/www.um.edu.mo\/pt-pt\/event\/63818\/\"\n\t\ttitle=\"Celebrating the 45th Anniversary of the University of Macau: ICI Seminar Series by Prof. Pantelis LIOUMIS, Aalto University\"\n\t\trel=\"bookmark\"\n\t\tclass=\"tribe-events-calendar-list__event-title-link tribe-common-anchor-thin\"\n\t>\n\t\tCelebrating the 45th Anniversary of the University of Macau: ICI Seminar Series by Prof. Pantelis LIOUMIS, Aalto University\t<\/a>\n<\/h3>\n\t\t\t\t\t<address class=\"tribe-events-calendar-list__event-venue tribe-common-b2\">\n\t<span class=\"tribe-events-calendar-list__event-venue-title tribe-common-b2--bold\">\n\t\tN21-1020\t<\/span>\n\t<span class=\"tribe-events-calendar-list__event-venue-address\">\n\t\t\t\t\t<\/span>\n<\/address>\n\t\t\t\t<\/header>\n\t\t\t\t\n\t\t\t\t\t\t\t\t\n\t\t\t<\/div>\n\t\t<\/article>\n\t<\/div>\n\n<\/div>\n\n\t\t\t\t\t\t\t\t\t\t\t\n\t\t\t\t\t\t\n\t\t\t\t\t\t<div  class=\"tribe-common-g-row tribe-events-calendar-list__event-row\" >\n\n\t<div class=\"tribe-events-calendar-list__event-date-tag tribe-common-g-col\">\n\t<time class=\"tribe-events-calendar-list__event-date-tag-datetime\" datetime=\"2026-05-04\">\n\t\t<span class=\"tribe-events-calendar-list__event-date-tag-weekday\">\n\t\t\tSeg\t\t<\/span>\n\t\t<span class=\"tribe-events-calendar-list__event-date-tag-daynum tribe-common-h5 tribe-common-h4--min-medium\">\n\t\t\t4\t\t<\/span>\n\t<\/time>\n<\/div>\n\n\t<div class=\"tribe-events-calendar-list__event-wrapper tribe-common-g-col\">\n\t\t<article  class=\"tribe-events-calendar-list__event tribe-common-g-row tribe-common-g-row--gutters post-526150 tribe_events type-tribe_events status-publish has-post-thumbnail hentry tribe_events_cat-seminar-lecture cat_seminar-lecture\" >\n\t\t\t<div class=\"tribe-events-calendar-list__event-featured-image-wrapper tribe-common-g-col\">\n\t<a\n\t\thref=\"https:\/\/www.um.edu.mo\/pt-pt\/event\/63816\/\"\n\t\ttitle=\"Celebrating the 45th Anniversary of the University of Macau: Computational Social Sciences Workshop: Skill Diversification Beyond High-Paying Jobs\"\n\t\trel=\"bookmark\"\n\t\tclass=\"tribe-events-calendar-list__event-featured-image-link\"\n\t>\n\t\t<img\n\t\t\tsrc=\"https:\/\/www.um.edu.mo\/wp-content\/uploads\/2026\/04\/526150-pt_PT-poster-scaled.jpg\"\n\t\t\t\t\t\t\tsrcset=\"https:\/\/www.um.edu.mo\/wp-content\/uploads\/2026\/04\/526150-pt_PT-poster-200x283.jpg 200w, https:\/\/www.um.edu.mo\/wp-content\/uploads\/2026\/04\/526150-pt_PT-poster-212x300.jpg 212w, https:\/\/www.um.edu.mo\/wp-content\/uploads\/2026\/04\/526150-pt_PT-poster-400x566.jpg 400w, https:\/\/www.um.edu.mo\/wp-content\/uploads\/2026\/04\/526150-pt_PT-poster-600x849.jpg 600w, https:\/\/www.um.edu.mo\/wp-content\/uploads\/2026\/04\/526150-pt_PT-poster-724x1024.jpg 724w, https:\/\/www.um.edu.mo\/wp-content\/uploads\/2026\/04\/526150-pt_PT-poster-768x1086.jpg 768w, https:\/\/www.um.edu.mo\/wp-content\/uploads\/2026\/04\/526150-pt_PT-poster-800x1132.jpg 800w, https:\/\/www.um.edu.mo\/wp-content\/uploads\/2026\/04\/526150-pt_PT-poster-1086x1536.jpg 1086w, https:\/\/www.um.edu.mo\/wp-content\/uploads\/2026\/04\/526150-pt_PT-poster-1200x1697.jpg 1200w, https:\/\/www.um.edu.mo\/wp-content\/uploads\/2026\/04\/526150-pt_PT-poster-1448x2048.jpg 1448w, https:\/\/www.um.edu.mo\/wp-content\/uploads\/2026\/04\/526150-pt_PT-poster-scaled.jpg 1810w\"\n\t\t\t\t\t\t\t\t\t\t\t\t\ttitle=\"pt_PT-poster.jpg\"\n\t\t\t\t\t\tclass=\"tribe-events-calendar-list__event-featured-image\"\n\t\t\/>\n\t<\/a>\n<\/div>\n\n\t\t\t<div class=\"tribe-events-calendar-list__event-details tribe-common-g-col\">\n\n\t\t\t\t<header class=\"tribe-events-calendar-list__event-header\">\n\t\t\t\t\t<div class=\"tribe-events-calendar-list__event-datetime-wrapper tribe-common-b2\">\n\t\t<time class=\"tribe-events-calendar-list__event-datetime\" datetime=\"2026-05-04\">\n\t\t<span class=\"tribe-event-date-start\">4 Maio | 13:30<\/span>  -  <span class=\"tribe-event-time\">15:00<\/span>\t<\/time>\n\t<\/div>\n\t\t\t\t\t<h3 class=\"tribe-events-calendar-list__event-title tribe-common-h6 tribe-common-h4--min-medium\">\n\t<a\n\t\thref=\"https:\/\/www.um.edu.mo\/pt-pt\/event\/63816\/\"\n\t\ttitle=\"Celebrating the 45th Anniversary of the University of Macau: Computational Social Sciences Workshop: Skill Diversification Beyond High-Paying Jobs\"\n\t\trel=\"bookmark\"\n\t\tclass=\"tribe-events-calendar-list__event-title-link tribe-common-anchor-thin\"\n\t>\n\t\tCelebrating the 45th Anniversary of the University of Macau: Computational Social Sciences Workshop: Skill Diversification Beyond High-Paying Jobs\t<\/a>\n<\/h3>\n\t\t\t\t\t<address class=\"tribe-events-calendar-list__event-venue tribe-common-b2\">\n\t<span class=\"tribe-events-calendar-list__event-venue-title tribe-common-b2--bold\">\n\t\tE21B-G016\t<\/span>\n\t<span class=\"tribe-events-calendar-list__event-venue-address\">\n\t\t\t\t\t<\/span>\n<\/address>\n\t\t\t\t<\/header>\n\t\t\t\t\n\t\t\t\t\t\t\t\t\n\t\t\t<\/div>\n\t\t<\/article>\n\t<\/div>\n\n<\/div>\n\n\t\t\t\t\t\t\t\t\t\t\t\n\t\t\t\t\t\t\n\t\t\t\t\t\t<div  class=\"tribe-common-g-row tribe-events-calendar-list__event-row\" >\n\n\t<div class=\"tribe-events-calendar-list__event-date-tag tribe-common-g-col\">\n\t<time class=\"tribe-events-calendar-list__event-date-tag-datetime\" datetime=\"2026-05-04\">\n\t\t<span class=\"tribe-events-calendar-list__event-date-tag-weekday\">\n\t\t\tSeg\t\t<\/span>\n\t\t<span class=\"tribe-events-calendar-list__event-date-tag-daynum tribe-common-h5 tribe-common-h4--min-medium\">\n\t\t\t4\t\t<\/span>\n\t<\/time>\n<\/div>\n\n\t<div class=\"tribe-events-calendar-list__event-wrapper tribe-common-g-col\">\n\t\t<article  class=\"tribe-events-calendar-list__event tribe-common-g-row tribe-common-g-row--gutters post-525052 tribe_events type-tribe_events status-publish has-post-thumbnail hentry tribe_events_cat-seminar-lecture cat_seminar-lecture\" >\n\t\t\t<div class=\"tribe-events-calendar-list__event-featured-image-wrapper tribe-common-g-col\">\n\t<a\n\t\thref=\"https:\/\/www.um.edu.mo\/pt-pt\/event\/63795\/\"\n\t\ttitle=\"Celebrating the 45th Anniversary of the University of Macau: IAS Roundtable Discussion \u2013 AI Is Here: How do Teachers Teach? How do Students Learn?\"\n\t\trel=\"bookmark\"\n\t\tclass=\"tribe-events-calendar-list__event-featured-image-link\"\n\t>\n\t\t<img\n\t\t\tsrc=\"https:\/\/www.um.edu.mo\/wp-content\/uploads\/2026\/04\/525052-pt_PT-poster-scaled.jpg\"\n\t\t\t\t\t\t\tsrcset=\"https:\/\/www.um.edu.mo\/wp-content\/uploads\/2026\/04\/525052-pt_PT-poster-169x300.jpg 169w, https:\/\/www.um.edu.mo\/wp-content\/uploads\/2026\/04\/525052-pt_PT-poster-200x356.jpg 200w, https:\/\/www.um.edu.mo\/wp-content\/uploads\/2026\/04\/525052-pt_PT-poster-400x711.jpg 400w, https:\/\/www.um.edu.mo\/wp-content\/uploads\/2026\/04\/525052-pt_PT-poster-576x1024.jpg 576w, https:\/\/www.um.edu.mo\/wp-content\/uploads\/2026\/04\/525052-pt_PT-poster-600x1067.jpg 600w, https:\/\/www.um.edu.mo\/wp-content\/uploads\/2026\/04\/525052-pt_PT-poster-768x1365.jpg 768w, https:\/\/www.um.edu.mo\/wp-content\/uploads\/2026\/04\/525052-pt_PT-poster-800x1422.jpg 800w, https:\/\/www.um.edu.mo\/wp-content\/uploads\/2026\/04\/525052-pt_PT-poster-864x1536.jpg 864w, https:\/\/www.um.edu.mo\/wp-content\/uploads\/2026\/04\/525052-pt_PT-poster-1152x2048.jpg 1152w, https:\/\/www.um.edu.mo\/wp-content\/uploads\/2026\/04\/525052-pt_PT-poster-1200x2134.jpg 1200w, https:\/\/www.um.edu.mo\/wp-content\/uploads\/2026\/04\/525052-pt_PT-poster-scaled.jpg 1440w\"\n\t\t\t\t\t\t\t\t\t\t\t\t\ttitle=\"pt_PT-poster.jpg\"\n\t\t\t\t\t\tclass=\"tribe-events-calendar-list__event-featured-image\"\n\t\t\/>\n\t<\/a>\n<\/div>\n\n\t\t\t<div class=\"tribe-events-calendar-list__event-details tribe-common-g-col\">\n\n\t\t\t\t<header class=\"tribe-events-calendar-list__event-header\">\n\t\t\t\t\t<div class=\"tribe-events-calendar-list__event-datetime-wrapper tribe-common-b2\">\n\t\t<time class=\"tribe-events-calendar-list__event-datetime\" datetime=\"2026-05-04\">\n\t\t<span class=\"tribe-event-date-start\">4 Maio | 15:00<\/span>  -  <span class=\"tribe-event-time\">17:00<\/span>\t<\/time>\n\t<\/div>\n\t\t\t\t\t<h3 class=\"tribe-events-calendar-list__event-title tribe-common-h6 tribe-common-h4--min-medium\">\n\t<a\n\t\thref=\"https:\/\/www.um.edu.mo\/pt-pt\/event\/63795\/\"\n\t\ttitle=\"Celebrating the 45th Anniversary of the University of Macau: IAS Roundtable Discussion \u2013 AI Is Here: How do Teachers Teach? How do Students Learn?\"\n\t\trel=\"bookmark\"\n\t\tclass=\"tribe-events-calendar-list__event-title-link tribe-common-anchor-thin\"\n\t>\n\t\tCelebrating the 45th Anniversary of the University of Macau: IAS Roundtable Discussion \u2013 AI Is Here: How do Teachers Teach? How do Students Learn?\t<\/a>\n<\/h3>\n\t\t\t\t\t<address class=\"tribe-events-calendar-list__event-venue tribe-common-b2\">\n\t<span class=\"tribe-events-calendar-list__event-venue-title tribe-common-b2--bold\">\n\t\tRoom G012, University Library (E2) G\/F\t<\/span>\n\t<span class=\"tribe-events-calendar-list__event-venue-address\">\n\t\t\t\t\t<\/span>\n<\/address>\n\t\t\t\t<\/header>\n\t\t\t\t\n\t\t\t\t\t\t\t\t\n\t\t\t<\/div>\n\t\t<\/article>\n\t<\/div>\n\n<\/div>\n\n\t\t\t\t\t\t\t\t\t\t\t\n\t\t\t\t\t\t\n\t\t\t\t\t\t<div  class=\"tribe-common-g-row tribe-events-calendar-list__event-row\" >\n\n\t<div class=\"tribe-events-calendar-list__event-date-tag tribe-common-g-col\">\n\t<time class=\"tribe-events-calendar-list__event-date-tag-datetime\" datetime=\"2026-05-05\">\n\t\t<span class=\"tribe-events-calendar-list__event-date-tag-weekday\">\n\t\t\tTer\t\t<\/span>\n\t\t<span class=\"tribe-events-calendar-list__event-date-tag-daynum tribe-common-h5 tribe-common-h4--min-medium\">\n\t\t\t5\t\t<\/span>\n\t<\/time>\n<\/div>\n\n\t<div class=\"tribe-events-calendar-list__event-wrapper tribe-common-g-col\">\n\t\t<article  class=\"tribe-events-calendar-list__event tribe-common-g-row tribe-common-g-row--gutters post-528775 tribe_events type-tribe_events status-publish has-post-thumbnail hentry tribe_events_cat-seminar-lecture cat_seminar-lecture\" >\n\t\t\t<div class=\"tribe-events-calendar-list__event-featured-image-wrapper tribe-common-g-col\">\n\t<a\n\t\thref=\"https:\/\/www.um.edu.mo\/pt-pt\/event\/63865\/\"\n\t\ttitle=\"Celebrating the 45th Anniversary of the University of Macau: [FED] Celebrating the 45th Anniversary of the University of Macau: FED-CLLE Seminar \u201cThe Place of Second Language Acquisition in Language Teacher Education\u201d\"\n\t\trel=\"bookmark\"\n\t\tclass=\"tribe-events-calendar-list__event-featured-image-link\"\n\t>\n\t\t<img\n\t\t\tsrc=\"https:\/\/www.um.edu.mo\/wp-content\/uploads\/2026\/04\/528775-pt_PT-poster-scaled.jpg\"\n\t\t\t\t\t\t\tsrcset=\"https:\/\/www.um.edu.mo\/wp-content\/uploads\/2026\/04\/528775-pt_PT-poster-200x283.jpg 200w, https:\/\/www.um.edu.mo\/wp-content\/uploads\/2026\/04\/528775-pt_PT-poster-212x300.jpg 212w, https:\/\/www.um.edu.mo\/wp-content\/uploads\/2026\/04\/528775-pt_PT-poster-400x566.jpg 400w, https:\/\/www.um.edu.mo\/wp-content\/uploads\/2026\/04\/528775-pt_PT-poster-600x849.jpg 600w, https:\/\/www.um.edu.mo\/wp-content\/uploads\/2026\/04\/528775-pt_PT-poster-724x1024.jpg 724w, https:\/\/www.um.edu.mo\/wp-content\/uploads\/2026\/04\/528775-pt_PT-poster-768x1086.jpg 768w, https:\/\/www.um.edu.mo\/wp-content\/uploads\/2026\/04\/528775-pt_PT-poster-800x1131.jpg 800w, https:\/\/www.um.edu.mo\/wp-content\/uploads\/2026\/04\/528775-pt_PT-poster-1086x1536.jpg 1086w, https:\/\/www.um.edu.mo\/wp-content\/uploads\/2026\/04\/528775-pt_PT-poster-1200x1697.jpg 1200w, https:\/\/www.um.edu.mo\/wp-content\/uploads\/2026\/04\/528775-pt_PT-poster-1448x2048.jpg 1448w, https:\/\/www.um.edu.mo\/wp-content\/uploads\/2026\/04\/528775-pt_PT-poster-scaled.jpg 1810w\"\n\t\t\t\t\t\t\t\t\t\t\t\t\ttitle=\"pt_PT-poster.jpg\"\n\t\t\t\t\t\tclass=\"tribe-events-calendar-list__event-featured-image\"\n\t\t\/>\n\t<\/a>\n<\/div>\n\n\t\t\t<div class=\"tribe-events-calendar-list__event-details tribe-common-g-col\">\n\n\t\t\t\t<header class=\"tribe-events-calendar-list__event-header\">\n\t\t\t\t\t<div class=\"tribe-events-calendar-list__event-datetime-wrapper tribe-common-b2\">\n\t\t<time class=\"tribe-events-calendar-list__event-datetime\" datetime=\"2026-05-05\">\n\t\t<span class=\"tribe-event-date-start\">5 Maio | 14:30<\/span>  -  <span class=\"tribe-event-time\">16:00<\/span>\t<\/time>\n\t<\/div>\n\t\t\t\t\t<h3 class=\"tribe-events-calendar-list__event-title tribe-common-h6 tribe-common-h4--min-medium\">\n\t<a\n\t\thref=\"https:\/\/www.um.edu.mo\/pt-pt\/event\/63865\/\"\n\t\ttitle=\"Celebrating the 45th Anniversary of the University of Macau: [FED] Celebrating the 45th Anniversary of the University of Macau: FED-CLLE Seminar \u201cThe Place of Second Language Acquisition in Language Teacher Education\u201d\"\n\t\trel=\"bookmark\"\n\t\tclass=\"tribe-events-calendar-list__event-title-link tribe-common-anchor-thin\"\n\t>\n\t\tCelebrating the 45th Anniversary of the University of Macau: [FED] Celebrating the 45th Anniversary of the University of Macau: FED-CLLE Seminar \u201cThe Place of Second Language Acquisition in Language Teacher Education\u201d\t<\/a>\n<\/h3>\n\t\t\t\t\t<address class=\"tribe-events-calendar-list__event-venue tribe-common-b2\">\n\t<span class=\"tribe-events-calendar-list__event-venue-title tribe-common-b2--bold\">\n\t\tE33-3038, Faculty of Education\t<\/span>\n\t<span class=\"tribe-events-calendar-list__event-venue-address\">\n\t\t\t\t\t<\/span>\n<\/address>\n\t\t\t\t<\/header>\n\t\t\t\t\n\t\t\t\t\t\t\t\t\n\t\t\t<\/div>\n\t\t<\/article>\n\t<\/div>\n\n<\/div>\n\n\t\t\t\t\t\t\t\t\t\t\t\n\t\t\t\t\t\t\n\t\t\t\t\t\t<div  class=\"tribe-common-g-row tribe-events-calendar-list__event-row\" >\n\n\t<div class=\"tribe-events-calendar-list__event-date-tag tribe-common-g-col\">\n\t<time class=\"tribe-events-calendar-list__event-date-tag-datetime\" datetime=\"2026-05-05\">\n\t\t<span class=\"tribe-events-calendar-list__event-date-tag-weekday\">\n\t\t\tTer\t\t<\/span>\n\t\t<span class=\"tribe-events-calendar-list__event-date-tag-daynum tribe-common-h5 tribe-common-h4--min-medium\">\n\t\t\t5\t\t<\/span>\n\t<\/time>\n<\/div>\n\n\t<div class=\"tribe-events-calendar-list__event-wrapper tribe-common-g-col\">\n\t\t<article  class=\"tribe-events-calendar-list__event tribe-common-g-row tribe-common-g-row--gutters post-529819 tribe_events type-tribe_events status-publish has-post-thumbnail hentry tribe_events_cat-seminar-lecture cat_seminar-lecture\" >\n\t\t\t<div class=\"tribe-events-calendar-list__event-featured-image-wrapper tribe-common-g-col\">\n\t<a\n\t\thref=\"https:\/\/www.um.edu.mo\/pt-pt\/event\/63892\/\"\n\t\ttitle=\"Celebrating the 45th Anniversary of the University of Macau: IAS Distinguished Guest Lecture: \u201cInconvertible Paper Currency in 14th-Century China: A Study of Currency Circuits\u201d\"\n\t\trel=\"bookmark\"\n\t\tclass=\"tribe-events-calendar-list__event-featured-image-link\"\n\t>\n\t\t<img\n\t\t\tsrc=\"https:\/\/www.um.edu.mo\/wp-content\/uploads\/2026\/04\/529819-pt_PT-poster-scaled.jpg\"\n\t\t\t\t\t\t\tsrcset=\"https:\/\/www.um.edu.mo\/wp-content\/uploads\/2026\/04\/529819-pt_PT-poster-200x141.jpg 200w, https:\/\/www.um.edu.mo\/wp-content\/uploads\/2026\/04\/529819-pt_PT-poster-300x212.jpg 300w, https:\/\/www.um.edu.mo\/wp-content\/uploads\/2026\/04\/529819-pt_PT-poster-400x283.jpg 400w, https:\/\/www.um.edu.mo\/wp-content\/uploads\/2026\/04\/529819-pt_PT-poster-600x424.jpg 600w, https:\/\/www.um.edu.mo\/wp-content\/uploads\/2026\/04\/529819-pt_PT-poster-768x543.jpg 768w, https:\/\/www.um.edu.mo\/wp-content\/uploads\/2026\/04\/529819-pt_PT-poster-800x566.jpg 800w, https:\/\/www.um.edu.mo\/wp-content\/uploads\/2026\/04\/529819-pt_PT-poster-1024x724.jpg 1024w, https:\/\/www.um.edu.mo\/wp-content\/uploads\/2026\/04\/529819-pt_PT-poster-1200x848.jpg 1200w, https:\/\/www.um.edu.mo\/wp-content\/uploads\/2026\/04\/529819-pt_PT-poster-1536x1086.jpg 1536w\"\n\t\t\t\t\t\t\t\t\t\t\t\t\ttitle=\"pt_PT-poster.jpg\"\n\t\t\t\t\t\tclass=\"tribe-events-calendar-list__event-featured-image\"\n\t\t\/>\n\t<\/a>\n<\/div>\n\n\t\t\t<div class=\"tribe-events-calendar-list__event-details tribe-common-g-col\">\n\n\t\t\t\t<header class=\"tribe-events-calendar-list__event-header\">\n\t\t\t\t\t<div class=\"tribe-events-calendar-list__event-datetime-wrapper tribe-common-b2\">\n\t\t<time class=\"tribe-events-calendar-list__event-datetime\" datetime=\"2026-05-05\">\n\t\t<span class=\"tribe-event-date-start\">5 Maio | 15:00<\/span>  -  <span class=\"tribe-event-time\">17:00<\/span>\t<\/time>\n\t<\/div>\n\t\t\t\t\t<h3 class=\"tribe-events-calendar-list__event-title tribe-common-h6 tribe-common-h4--min-medium\">\n\t<a\n\t\thref=\"https:\/\/www.um.edu.mo\/pt-pt\/event\/63892\/\"\n\t\ttitle=\"Celebrating the 45th Anniversary of the University of Macau: IAS Distinguished Guest Lecture: \u201cInconvertible Paper Currency in 14th-Century China: A Study of Currency Circuits\u201d\"\n\t\trel=\"bookmark\"\n\t\tclass=\"tribe-events-calendar-list__event-title-link tribe-common-anchor-thin\"\n\t>\n\t\tCelebrating the 45th Anniversary of the University of Macau: IAS Distinguished Guest Lecture: \u201cInconvertible Paper Currency in 14th-Century China: A Study of Currency Circuits\u201d\t<\/a>\n<\/h3>\n\t\t\t\t\t<address class=\"tribe-events-calendar-list__event-venue tribe-common-b2\">\n\t<span class=\"tribe-events-calendar-list__event-venue-title tribe-common-b2--bold\">\n\t\tRoom G012, University Library (E2) G\/F\t<\/span>\n\t<span class=\"tribe-events-calendar-list__event-venue-address\">\n\t\t\t\t\t<\/span>\n<\/address>\n\t\t\t\t<\/header>\n\t\t\t\t\n\t\t\t\t\t\t\t\t\n\t\t\t<\/div>\n\t\t<\/article>\n\t<\/div>\n\n<\/div>\n\n\t\t\t\t\t\n\t\t\t\t<\/div>\n\n\t\t\t\t<nav class=\"tribe-events-calendar-list-nav tribe-events-c-nav\">\n\t<ul class=\"tribe-events-c-nav__list\">\n\t\t<li class=\"tribe-events-c-nav__list-item tribe-events-c-nav__list-item--prev\">\n\t<a\n\t\thref=\"https:\/\/www.um.edu.mo\/pt-pt\/eventscalendar\/lista\/?rest_route=%2Fwp%2Fv2%2Fpages%2F216377&#038;shortcode=24f53d40&#038;eventDisplay=past\"\n\t\trel=\"prev\"\n\t\tclass=\"tribe-events-c-nav__prev tribe-common-b2 tribe-common-b1--min-medium\"\n\t\tdata-js=\"tribe-events-view-link\"\n\t\taria-label=\"Anterior Eventos\"\n\t\ttitle=\"Anterior Eventos\"\n\t>\n\t\t<span class=\"tribe-events-c-nav__prev-label\">\n\t\t\tAnterior <span class=\"tribe-events-c-nav__prev-label-plural tribe-common-a11y-visual-hide\">Eventos<\/span>\t\t<\/span>\n\t<\/a>\n<\/li>\n\n\t\t<li class=\"tribe-events-c-nav__list-item tribe-events-c-nav__list-item--today\">\n\t<a\n\t\thref=\"https:\/\/www.um.edu.mo\/pt-pt\/eventscalendar\/lista\/?rest_route=%2Fwp%2Fv2%2Fpages%2F216377&#038;shortcode=24f53d40\"\n\t\tclass=\"tribe-events-c-nav__today tribe-common-b2\"\n\t\tdata-js=\"tribe-events-view-link\"\n\t\taria-label=\"Clique para selecionar a data de hoje\"\n\t\ttitle=\"Clique para selecionar a data de hoje\"\n\t>\n\t\tHoje\t<\/a>\n<\/li>\n\n\t\t<li class=\"tribe-events-c-nav__list-item tribe-events-c-nav__list-item--next\">\n\t<a\n\t\thref=\"https:\/\/www.um.edu.mo\/pt-pt\/eventscalendar\/lista\/p\u00e1gina\/2\/?shortcode=24f53d40\"\n\t\trel=\"next\"\n\t\tclass=\"tribe-events-c-nav__next tribe-common-b2 tribe-common-b1--min-medium\"\n\t\tdata-js=\"tribe-events-view-link\"\n\t\taria-label=\"Seguinte Eventos\"\n\t\ttitle=\"Seguinte Eventos\"\n\t>\n\t\t<span class=\"tribe-events-c-nav__next-label\">\n\t\t\tSeguinte <span class=\"tribe-events-c-nav__next-label-plural tribe-common-a11y-visual-hide\">Eventos<\/span>\t\t<\/span>\n\t<\/a>\n<\/li>\n\t<\/ul>\n<\/nav>\n\n\t\t\t\t<div class=\"tribe-events-c-ical tribe-common-b2 tribe-common-b3--min-medium\">\n\t<a\n\t\tclass=\"tribe-events-c-ical__link\"\n\t\ttitle=\"Utilize esta op\u00e7\u00e3o para partilhar com os calend\u00e1rios Google, calend\u00e1rios Apple e outras aplica\u00e7\u00f5es compat\u00edveis\"\n\t\thref=\"https:\/\/www.um.edu.mo\/pt-pt\/eventscalendar\/lista\/?shortcode=24f53d40&#038;ical=1\"\n\t>Export Eventos<\/a>\n<\/div>\n\n\n\t\t\t\t\n\t\t\t<\/div>\n\t\t<\/div>\n\n\t\t<script data-js='tribe-events-view-nonce-data' type='application\/json'>{\"_tec_view_rest_nonce_primary\":\"d5a37310eb\",\"_tec_view_rest_nonce_secondary\":\"\"}<\/script>\n<\/div><\/div><\/div><div class=\"fusion-layout-column fusion_builder_column fusion-builder-column-2 fusion_builder_column_1_4 1_4 fusion-flex-column fusion-flex-align-self-flex-start fusion-no-small-visibility\" style=\"--awb-padding-left:15px;--awb-padding-left-medium:15px;--awb-padding-left-small:0px;--awb-bg-size:cover;--awb-width-large:25%;--awb-margin-top-large:0px;--awb-spacing-right-large:1.98%;--awb-margin-bottom-large:10px;--awb-spacing-left-large:1.98%;--awb-width-medium:40%;--awb-order-medium:0;--awb-spacing-right-medium:1.2375%;--awb-spacing-left-medium:1.2375%;--awb-width-small:100%;--awb-order-small:0;--awb-spacing-right-small:0.495%;--awb-spacing-left-small:0.495%;\"><div class=\"fusion-column-wrapper fusion-column-has-shadow fusion-flex-justify-content-flex-start fusion-content-layout-column\"><div class=\"container-calendar\">\n\n  <h3 id=\"monthAndYear\"><\/h3>\n\n  <div class=\"button-container-calendar\">\n    <button id=\"previous\" onclick=\"previous()\">\u2039<\/button>\n    <button id=\"next\" onclick=\"next()\">\u203a<\/button>\n  <\/div>\n\n  <table class=\"table-calendar\" id=\"calendar\" data-lang=\"en\">\n    <thead id=\"thead-month\"><\/thead>\n    <tbody id=\"calendar-body\"><\/tbody>\n  <\/table>\n\n  <div class=\"footer-container-calendar\">\n    <label for=\"month\" style=\"margin-right:10px\">Vamos para <\/label>\n            <select id=\"month\" onchange=\"jump()\">\n                <option value=0>Jan<\/option>\n                <option value=1>Fev<\/option>\n                <option value=2>Mar<\/option>\n                <option value=3>Abr<\/option>\n                <option value=4>Mai<\/option>\n                <option value=5>Jun<\/option>\n                <option value=6>Jul<\/option>\n                <option value=7>Ago<\/option>\n                <option value=8>Set<\/option>\n                <option value=9>Oct<\/option>\n                <option value=10>Nov<\/option>\n                <option value=11>Dez<\/option>\n            <\/select>\n    <select id=\"year\" onchange=\"jump()\"><\/select>\n  <\/div>\n  \n<\/div>\n\n<link rel=\"stylesheet\" href=\"\/wp-content\/themes\/Avada-child\/calendar\/calendar1230.css\" \/>\n<script src=\"\/wp-content\/themes\/Avada-child\/calendar\/calendar-pt.js\"><\/script>\n<\/div><\/div><\/div><\/div><\/p>","protected":false},"excerpt":{"rendered":"","protected":false},"author":1,"featured_media":0,"parent":0,"menu_order":0,"comment_status":"closed","ping_status":"closed","template":"","meta":{"_acf_changed":false,"footnotes":""},"class_list":["post-216377","page","type-page","status-publish","hentry","cat_seminar-lecture"],"acf":[],"yoast_head":"<!-- This site is optimized with the Yoast SEO plugin v24.5 - https:\/\/yoast.com\/wordpress\/plugins\/seo\/ -->\n<title>Eventos | Universidade de Macau<\/title>\n<meta name=\"description\" content=\"Universidade de Macau: Uma universidade abrangente p\u00fablica de n\u00edvel internacional fundada em 1981\" \/>\n<meta name=\"robots\" content=\"index, follow, max-snippet:-1, max-image-preview:large, max-video-preview:-1\" \/>\n<link rel=\"canonical\" href=\"https:\/\/www.um.edu.mo\/pt-pt\/events\/\" \/>\n<meta property=\"og:locale\" content=\"pt_PT\" \/>\n<meta property=\"og:type\" content=\"article\" \/>\n<meta property=\"og:title\" content=\"Eventos | Universidade de Macau\" \/>\n<meta property=\"og:description\" content=\"Universidade de Macau: Uma universidade abrangente p\u00fablica de n\u00edvel internacional fundada em 1981\" \/>\n<meta property=\"og:url\" content=\"https:\/\/www.um.edu.mo\/pt-pt\/events\/\" \/>\n<meta property=\"og:site_name\" content=\"Universidade de Macau\" \/>\n<meta property=\"article:publisher\" content=\"https:\/\/www.facebook.com\/universityofmacau\" \/>\n<meta property=\"article:modified_time\" content=\"2025-03-02T06:55:47+00:00\" \/>\n<meta name=\"twitter:card\" content=\"summary_large_image\" \/>\n<meta name=\"twitter:site\" content=\"@UM_1981\" \/>\n<meta name=\"twitter:label1\" content=\"Tempo estimado de leitura\" \/>\n\t<meta name=\"twitter:data1\" content=\"5 minutos\" \/>\n<script type=\"application\/ld+json\" class=\"yoast-schema-graph\">{\"@context\":\"https:\/\/schema.org\",\"@graph\":[{\"@type\":\"WebPage\",\"@id\":\"https:\/\/www.um.edu.mo\/pt-pt\/events\/\",\"url\":\"https:\/\/www.um.edu.mo\/pt-pt\/events\/\",\"name\":\"Eventos | Universidade de Macau\",\"isPartOf\":{\"@id\":\"https:\/\/www.um.edu.mo\/pt-pt\/#website\"},\"datePublished\":\"2020-09-12T09:23:26+00:00\",\"dateModified\":\"2025-03-02T06:55:47+00:00\",\"description\":\"Universidade de Macau: Uma universidade abrangente p\u00fablica de n\u00edvel internacional fundada em 1981\",\"breadcrumb\":{\"@id\":\"https:\/\/www.um.edu.mo\/pt-pt\/events\/#breadcrumb\"},\"inLanguage\":\"pt-PT\",\"potentialAction\":[{\"@type\":\"ReadAction\",\"target\":[\"https:\/\/www.um.edu.mo\/pt-pt\/events\/\"]}]},{\"@type\":\"BreadcrumbList\",\"@id\":\"https:\/\/www.um.edu.mo\/pt-pt\/events\/#breadcrumb\",\"itemListElement\":[{\"@type\":\"ListItem\",\"position\":1,\"name\":\"P\u00e1gina inicial\",\"item\":\"https:\/\/www.um.edu.mo\/pt-pt\/\"},{\"@type\":\"ListItem\",\"position\":2,\"name\":\"Eventos\"}]},{\"@type\":\"WebSite\",\"@id\":\"https:\/\/www.um.edu.mo\/pt-pt\/#website\",\"url\":\"https:\/\/www.um.edu.mo\/pt-pt\/\",\"name\":\"Universidade de Macau\",\"description\":\"\",\"publisher\":{\"@id\":\"https:\/\/www.um.edu.mo\/pt-pt\/#organization\"},\"potentialAction\":[{\"@type\":\"SearchAction\",\"target\":{\"@type\":\"EntryPoint\",\"urlTemplate\":\"https:\/\/www.um.edu.mo\/pt-pt\/?s={search_term_string}\"},\"query-input\":{\"@type\":\"PropertyValueSpecification\",\"valueRequired\":true,\"valueName\":\"search_term_string\"}}],\"inLanguage\":\"pt-PT\"},{\"@type\":\"Organization\",\"@id\":\"https:\/\/www.um.edu.mo\/pt-pt\/#organization\",\"name\":\"University of Macau\",\"url\":\"https:\/\/www.um.edu.mo\/pt-pt\/\",\"logo\":{\"@type\":\"ImageObject\",\"inLanguage\":\"pt-PT\",\"@id\":\"https:\/\/www.um.edu.mo\/pt-pt\/#\/schema\/logo\/image\/\",\"url\":\"https:\/\/www.um.edu.mo\/wp-content\/uploads\/2020\/09\/UM-Logo_V-Black.png\",\"contentUrl\":\"https:\/\/www.um.edu.mo\/wp-content\/uploads\/2020\/09\/UM-Logo_V-Black.png\",\"width\":3508,\"height\":2785,\"caption\":\"University of Macau\"},\"image\":{\"@id\":\"https:\/\/www.um.edu.mo\/pt-pt\/#\/schema\/logo\/image\/\"},\"sameAs\":[\"https:\/\/www.facebook.com\/universityofmacau\",\"https:\/\/x.com\/UM_1981\"]}]}<\/script>\n<!-- \/ Yoast SEO plugin. -->","yoast_head_json":{"title":"Eventos | Universidade de Macau","description":"Universidade de Macau: Uma universidade abrangente p\u00fablica de n\u00edvel internacional fundada em 1981","robots":{"index":"index","follow":"follow","max-snippet":"max-snippet:-1","max-image-preview":"max-image-preview:large","max-video-preview":"max-video-preview:-1"},"canonical":"https:\/\/www.um.edu.mo\/pt-pt\/events\/","og_locale":"pt_PT","og_type":"article","og_title":"Eventos | Universidade de Macau","og_description":"Universidade de Macau: Uma universidade abrangente p\u00fablica de n\u00edvel internacional fundada em 1981","og_url":"https:\/\/www.um.edu.mo\/pt-pt\/events\/","og_site_name":"Universidade de Macau","article_publisher":"https:\/\/www.facebook.com\/universityofmacau","article_modified_time":"2025-03-02T06:55:47+00:00","twitter_card":"summary_large_image","twitter_site":"@UM_1981","twitter_misc":{"Tempo estimado de leitura":"5 minutos"},"schema":{"@context":"https:\/\/schema.org","@graph":[{"@type":"WebPage","@id":"https:\/\/www.um.edu.mo\/pt-pt\/events\/","url":"https:\/\/www.um.edu.mo\/pt-pt\/events\/","name":"Eventos | Universidade de Macau","isPartOf":{"@id":"https:\/\/www.um.edu.mo\/pt-pt\/#website"},"datePublished":"2020-09-12T09:23:26+00:00","dateModified":"2025-03-02T06:55:47+00:00","description":"Universidade de Macau: Uma universidade abrangente p\u00fablica de n\u00edvel internacional fundada em 1981","breadcrumb":{"@id":"https:\/\/www.um.edu.mo\/pt-pt\/events\/#breadcrumb"},"inLanguage":"pt-PT","potentialAction":[{"@type":"ReadAction","target":["https:\/\/www.um.edu.mo\/pt-pt\/events\/"]}]},{"@type":"BreadcrumbList","@id":"https:\/\/www.um.edu.mo\/pt-pt\/events\/#breadcrumb","itemListElement":[{"@type":"ListItem","position":1,"name":"P\u00e1gina inicial","item":"https:\/\/www.um.edu.mo\/pt-pt\/"},{"@type":"ListItem","position":2,"name":"Eventos"}]},{"@type":"WebSite","@id":"https:\/\/www.um.edu.mo\/pt-pt\/#website","url":"https:\/\/www.um.edu.mo\/pt-pt\/","name":"Universidade de Macau","description":"","publisher":{"@id":"https:\/\/www.um.edu.mo\/pt-pt\/#organization"},"potentialAction":[{"@type":"SearchAction","target":{"@type":"EntryPoint","urlTemplate":"https:\/\/www.um.edu.mo\/pt-pt\/?s={search_term_string}"},"query-input":{"@type":"PropertyValueSpecification","valueRequired":true,"valueName":"search_term_string"}}],"inLanguage":"pt-PT"},{"@type":"Organization","@id":"https:\/\/www.um.edu.mo\/pt-pt\/#organization","name":"University of Macau","url":"https:\/\/www.um.edu.mo\/pt-pt\/","logo":{"@type":"ImageObject","inLanguage":"pt-PT","@id":"https:\/\/www.um.edu.mo\/pt-pt\/#\/schema\/logo\/image\/","url":"https:\/\/www.um.edu.mo\/wp-content\/uploads\/2020\/09\/UM-Logo_V-Black.png","contentUrl":"https:\/\/www.um.edu.mo\/wp-content\/uploads\/2020\/09\/UM-Logo_V-Black.png","width":3508,"height":2785,"caption":"University of Macau"},"image":{"@id":"https:\/\/www.um.edu.mo\/pt-pt\/#\/schema\/logo\/image\/"},"sameAs":["https:\/\/www.facebook.com\/universityofmacau","https:\/\/x.com\/UM_1981"]}]}},"_links":{"self":[{"href":"https:\/\/www.um.edu.mo\/pt-pt\/wp-json\/wp\/v2\/pages\/216377","targetHints":{"allow":["GET"]}}],"collection":[{"href":"https:\/\/www.um.edu.mo\/pt-pt\/wp-json\/wp\/v2\/pages"}],"about":[{"href":"https:\/\/www.um.edu.mo\/pt-pt\/wp-json\/wp\/v2\/types\/page"}],"author":[{"embeddable":true,"href":"https:\/\/www.um.edu.mo\/pt-pt\/wp-json\/wp\/v2\/users\/1"}],"replies":[{"embeddable":true,"href":"https:\/\/www.um.edu.mo\/pt-pt\/wp-json\/wp\/v2\/comments?post=216377"}],"version-history":[{"count":10,"href":"https:\/\/www.um.edu.mo\/pt-pt\/wp-json\/wp\/v2\/pages\/216377\/revisions"}],"predecessor-version":[{"id":323629,"href":"https:\/\/www.um.edu.mo\/pt-pt\/wp-json\/wp\/v2\/pages\/216377\/revisions\/323629"}],"wp:attachment":[{"href":"https:\/\/www.um.edu.mo\/pt-pt\/wp-json\/wp\/v2\/media?parent=216377"}],"curies":[{"name":"wp","href":"https:\/\/api.w.org\/{rel}","templated":true}]}}