{"id":216295,"date":"2020-10-11T20:29:07","date_gmt":"2020-10-11T19:29:07","guid":{"rendered":"https:\/\/www.um.edu.mo\/distinguished-talks\/"},"modified":"2021-05-11T16:53:47","modified_gmt":"2021-05-11T08:53:47","slug":"distinguished-talks","status":"publish","type":"page","link":"https:\/\/www.um.edu.mo\/pt-pt\/news\/umtv\/distinguished-talks\/","title":{"rendered":"Palestra"},"content":{"rendered":"<div class=\"fusion-fullwidth fullwidth-box fusion-builder-row-1 fusion-flex-container nonhundred-percent-fullwidth non-hundred-percent-height-scrolling\" style=\"--awb-border-radius-top-left:0px;--awb-border-radius-top-right:0px;--awb-border-radius-bottom-right:0px;--awb-border-radius-bottom-left:0px;--awb-flex-wrap:wrap;\" ><div class=\"fusion-builder-row fusion-row fusion-flex-align-items-flex-start fusion-flex-content-wrap\" style=\"max-width:1414px;margin-left: calc(-1% \/ 2 );margin-right: calc(-1% \/ 2 );\"><div class=\"fusion-layout-column fusion_builder_column fusion-builder-column-0 fusion_builder_column_1_1 1_1 fusion-flex-column fusion-no-medium-visibility fusion-no-large-visibility\" style=\"--awb-bg-size:cover;--awb-width-large:100%;--awb-margin-top-large:0px;--awb-spacing-right-large:0.495%;--awb-margin-bottom-large:10px;--awb-spacing-left-large:0.495%;--awb-width-medium:100%;--awb-order-medium:0;--awb-spacing-right-medium:0.495%;--awb-spacing-left-medium:0.495%;--awb-width-small:100%;--awb-order-small:0;--awb-spacing-right-small:0.495%;--awb-spacing-left-small:0.495%;\"><div class=\"fusion-column-wrapper fusion-column-has-shadow fusion-flex-justify-content-flex-start fusion-content-layout-column\"><div class=\"fusion-search-element fusion-search-element-1 fusion-search-form-clean\">\t\t<form role=\"search\" class=\"searchform fusion-search-form  fusion-search-form-clean\" method=\"get\" action=\"https:\/\/umedu.craxh.mo\/\">\n\t\t\t<div class=\"fusion-search-form-content\">\n\n\t\t\t\t\n\t\t\t\t<div class=\"fusion-search-field search-field\">\n\t\t\t\t\t<label><span class=\"screen-reader-text\">Search for:<\/span>\n\t\t\t\t\t<input type=\"search\" name=\"s\" class=\"s\" placeholder=\"Search...\"  name=\"post_type\" value=\"Input the Keyword \"required=\"\" aria-required=\"true\" aria-label=\"\">\n\t\t\t\t\t<\/label>\n\t\t\t\t<\/div>\n\t\t\t\t<div class=\"fusion-search-button search-button\">\n\t\t\t\t\t<input type=\"submit\" class=\"fusion-search-submit searchsubmit\" value=\"\uf002\">\n\t\t\t\t\t\t\t\t\t<\/div>\n\n\t\t\t\t<input type=\"hidden\" name=\"post_type[]\" value=\"umtv\"><input type=\"hidden\" name=\"search_limit_to_post_titles\" value=\"1\"><input type=\"hidden\" name=\"fs\" value=\"1\">\n\t\t\t<\/div>\n\n\n\t\t\t\n\t\t<input type=\"hidden\" name=\"lang\" value=\"en\"><\/form>\n\t\t<\/div><\/div><\/div><div class=\"fusion-layout-column fusion_builder_column fusion-builder-column-1 fusion_builder_column_1_1 1_1 fusion-flex-column\" style=\"--awb-bg-size:cover;--awb-width-large:100%;--awb-margin-top-large:0px;--awb-spacing-right-large:0.495%;--awb-margin-bottom-large:10px;--awb-spacing-left-large:0.495%;--awb-width-medium:100%;--awb-order-medium:0;--awb-spacing-right-medium:0.495%;--awb-spacing-left-medium:0.495%;--awb-width-small:100%;--awb-order-small:0;--awb-spacing-right-small:0.495%;--awb-spacing-left-small:0.495%;\"><div class=\"fusion-column-wrapper fusion-column-has-shadow fusion-flex-justify-content-flex-start fusion-content-layout-column\"><div class=\"umtv__gridlist\" style=\"margin: 15px 0 ; position: relative;\">\r\n\t\r\n<div class=\"row\">\r\n<article class=\" col-sm-6 col-md-4 post type-postumtv__grid\">\r\n\t<a class=\"umtv__griditem\" href=\"https:\/\/www.um.edu.mo\/pt-pt\/umtv\/ums-doctor-honoris-causa-lecture-focused-ultrasound-enhanced-gene-editing-a-potential-therapeutic-approach-for-alzheimers-disease-by-prof-leong-kam-weng\/\">\r\n\t\t<div class=\"umtv__gridimg\">\r\n\t\t\t<img decoding=\"async\" src=\"https:\/\/www.um.edu.mo\/wp-content\/uploads\/2025\/02\/01.png\">\r\n\t\t<\/div>\r\n\t\t<div class=\"fusion-post-content-wrapper umtv__gridwrapper\" >\r\n\t\t\t<h5 class=\"blog-shortcode-post-title entry-title umtv__gridtitle \">\r\n\t\t\t\tUM\u2019s Doctor honoris causa Lecture: Focused Ultrasound-Enhanced Gene Editing: A Potential Therapeutic Approach for Alzheimer\u2019s Disease by Prof Leong Kam Weng\t\t\t<\/h5>\r\n\t\t\t<p class=\"fusion-single-line-meta\"><span>07-02-2025<\/span><\/p>\r\n\t\t<\/div>\r\n    <\/a>\r\n<\/article>\r\n<article class=\" col-sm-6 col-md-4 post type-postumtv__grid\">\r\n\t<a class=\"umtv__griditem\" href=\"https:\/\/www.um.edu.mo\/pt-pt\/umtv\/ums-doctor-honoris-causa-lecture-multi-disciplinary-research-promotes-inheritance-and-innovative-development-of-tcm-by-academician-kaixian-chen\/\">\r\n\t\t<div class=\"umtv__gridimg\">\r\n\t\t\t<img decoding=\"async\" src=\"https:\/\/www.um.edu.mo\/wp-content\/uploads\/2025\/02\/022.jpg\">\r\n\t\t<\/div>\r\n\t\t<div class=\"fusion-post-content-wrapper umtv__gridwrapper\" >\r\n\t\t\t<h5 class=\"blog-shortcode-post-title entry-title umtv__gridtitle \">\r\n\t\t\t\tUM\u2019s Doctor honoris causa Lecture: Multi-disciplinary Research Promotes Inheritance and Innovative Development of TCM by Academician Kaixian CHEN\t\t\t<\/h5>\r\n\t\t\t<p class=\"fusion-single-line-meta\"><span>07-02-2025<\/span><\/p>\r\n\t\t<\/div>\r\n    <\/a>\r\n<\/article>\r\n<article class=\" col-sm-6 col-md-4 post type-postumtv__grid\">\r\n\t<a class=\"umtv__griditem\" href=\"https:\/\/www.um.edu.mo\/pt-pt\/umtv\/prof-shuji-nakamura-nobel-laureate-in-physics-gives-talk-at-the-university-of-macau\/\">\r\n\t\t<div class=\"umtv__gridimg\">\r\n\t\t\t<img decoding=\"async\" src=\"https:\/\/www.um.edu.mo\/wp-content\/uploads\/2023\/10\/10191-scaled.jpg\">\r\n\t\t<\/div>\r\n\t\t<div class=\"fusion-post-content-wrapper umtv__gridwrapper\" >\r\n\t\t\t<h5 class=\"blog-shortcode-post-title entry-title umtv__gridtitle \">\r\n\t\t\t\tProf Shuji Nakamura, Nobel Laureate in Physics, gives talk at the University of Macau\t\t\t<\/h5>\r\n\t\t\t<p class=\"fusion-single-line-meta\"><span>19-10-2023<\/span><\/p>\r\n\t\t<\/div>\r\n    <\/a>\r\n<\/article>\r\n<article class=\" col-sm-6 col-md-4 post type-postumtv__grid\">\r\n\t<a class=\"umtv__griditem\" href=\"https:\/\/www.um.edu.mo\/pt-pt\/umtv\/prof-zhong-nanshan-speaks-at-the-inauguration-ceremony-for-the-macao-institute-for-translational-medicine-and-innovation\/\">\r\n\t\t<div class=\"umtv__gridimg\">\r\n\t\t\t<img decoding=\"async\" src=\"https:\/\/www.um.edu.mo\/wp-content\/uploads\/2022\/01\/Screenshot-2022-01-21-at-9.30.15-AM.png\">\r\n\t\t<\/div>\r\n\t\t<div class=\"fusion-post-content-wrapper umtv__gridwrapper\" >\r\n\t\t\t<h5 class=\"blog-shortcode-post-title entry-title umtv__gridtitle \">\r\n\t\t\t\tProf. Zhong Nanshan Fala na Cerim\u00f4nia de Inaugura\u00e7\u00e3o do Instituto de Medicina Translacional e Inova\u00e7\u00e3o de Macau\t\t\t<\/h5>\r\n\t\t\t<p class=\"fusion-single-line-meta\"><span>21-01-2022<\/span><\/p>\r\n\t\t<\/div>\r\n    <\/a>\r\n<\/article>\r\n<article class=\" col-sm-6 col-md-4 post type-postumtv__grid\">\r\n\t<a class=\"umtv__griditem\" href=\"https:\/\/www.um.edu.mo\/pt-pt\/umtv\/ums-doctor-honoris-causa-lecture-100-years-of-macao-teachers-united-efforts-for-the-advancement-of-education-by-dr-lau-sin-peng\/\">\r\n\t\t<div class=\"umtv__gridimg\">\r\n\t\t\t<img decoding=\"async\" src=\"https:\/\/www.um.edu.mo\/wp-content\/uploads\/2020\/10\/\u87a2\u5e55\u622a\u5716-2020-01-15-\u4e0a\u534811.31.53.png\">\r\n\t\t<\/div>\r\n\t\t<div class=\"fusion-post-content-wrapper umtv__gridwrapper\" >\r\n\t\t\t<h5 class=\"blog-shortcode-post-title entry-title umtv__gridtitle \">\r\n\t\t\t\tLi\u00e7\u00e3o do Doutor honoris causa da UM: 100 Anos de Esfor\u00e7os Conjuntos dos Professores de Macau para o Avan\u00e7o da Educa\u00e7\u00e3o por Dra. Lau Sin Peng\t\t\t<\/h5>\r\n\t\t\t<p class=\"fusion-single-line-meta\"><span>05-11-2019<\/span><\/p>\r\n\t\t<\/div>\r\n    <\/a>\r\n<\/article>\r\n<article class=\" col-sm-6 col-md-4 post type-postumtv__grid\">\r\n\t<a class=\"umtv__griditem\" href=\"https:\/\/www.um.edu.mo\/pt-pt\/umtv\/ums-doctor-honoris-causa-lecture-the-revolution-of-personalized-medicine-are-we-going-to-cure-all-diseases-and-at-what-cost-by-prof-aaron-j-ciechanover\/\">\r\n\t\t<div class=\"umtv__gridimg\">\r\n\t\t\t<img decoding=\"async\" src=\"https:\/\/www.um.edu.mo\/wp-content\/uploads\/2020\/10\/\u87a2\u5e55\u622a\u5716-2020-01-15-\u4e0a\u534811.28.50.png\">\r\n\t\t<\/div>\r\n\t\t<div class=\"fusion-post-content-wrapper umtv__gridwrapper\" >\r\n\t\t\t<h5 class=\"blog-shortcode-post-title entry-title umtv__gridtitle \">\r\n\t\t\t\tLi\u00e7\u00e3o do Doutor honoris causa da UM: A Revolu\u00e7\u00e3o da Medicina Personalizada: Vamos Curar Todas as Doen\u00e7as e a Que Custo por Prof. Aaron J. Ciechanover\t\t\t<\/h5>\r\n\t\t\t<p class=\"fusion-single-line-meta\"><span>15-06-2019<\/span><\/p>\r\n\t\t<\/div>\r\n    <\/a>\r\n<\/article>\r\n<article class=\" col-sm-6 col-md-4 post type-postumtv__grid\">\r\n\t<a class=\"umtv__griditem\" href=\"https:\/\/www.um.edu.mo\/pt-pt\/umtv\/ums-doctor-honoris-causa-lecture-strategic-opportunities-and-challenges-in-macao-under-belt-and-road-initiative-and-guangdong-hong-kong-macao-greater-bay-area-by-dr-lao-ng\/\">\r\n\t\t<div class=\"umtv__gridimg\">\r\n\t\t\t<img decoding=\"async\" src=\"https:\/\/www.um.edu.mo\/wp-content\/uploads\/2020\/10\/\u87a2\u5e55\u622a\u5716-2020-01-15-\u4e0a\u534811.25.07.png\">\r\n\t\t<\/div>\r\n\t\t<div class=\"fusion-post-content-wrapper umtv__gridwrapper\" >\r\n\t\t\t<h5 class=\"blog-shortcode-post-title entry-title umtv__gridtitle \">\r\n\t\t\t\tLi\u00e7\u00e3o do Doutor honoris causa da UM: Oportunidades e Desafios Estrat\u00e9gicos em Macau sob a &#8220;Iniciativa do Cintur\u00e3o e Rota&#8221; e a Grande Ba\u00eda Guangdong-Hong Kong-Macau por Dr. Lao Ngai Leong\t\t\t<\/h5>\r\n\t\t\t<p class=\"fusion-single-line-meta\"><span>10-04-2019<\/span><\/p>\r\n\t\t<\/div>\r\n    <\/a>\r\n<\/article>\r\n<article class=\" col-sm-6 col-md-4 post type-postumtv__grid\">\r\n\t<a class=\"umtv__griditem\" href=\"https:\/\/www.um.edu.mo\/pt-pt\/umtv\/ums-doctor-honoris-causa-lecture-chinese-language-literature-in-a-global-context-by-prof-wang-anyi\/\">\r\n\t\t<div class=\"umtv__gridimg\">\r\n\t\t\t<img decoding=\"async\" src=\"https:\/\/www.um.edu.mo\/wp-content\/uploads\/2020\/10\/\u87a2\u5e55\u622a\u5716-2020-01-15-\u4e0a\u534811.17.43.png\">\r\n\t\t<\/div>\r\n\t\t<div class=\"fusion-post-content-wrapper umtv__gridwrapper\" >\r\n\t\t\t<h5 class=\"blog-shortcode-post-title entry-title umtv__gridtitle \">\r\n\t\t\t\tLi\u00e7\u00e3o do Doutor honoris causa da UM: &#8220;Literatura em L\u00edngua Chinesa num Contexto Global&#8221; por Prof. Wang Anyi\t\t\t<\/h5>\r\n\t\t\t<p class=\"fusion-single-line-meta\"><span>22-03-2019<\/span><\/p>\r\n\t\t<\/div>\r\n    <\/a>\r\n<\/article>\r\n<article class=\" col-sm-6 col-md-4 post type-postumtv__grid\">\r\n\t<a class=\"umtv__griditem\" href=\"https:\/\/www.um.edu.mo\/pt-pt\/umtv\/e-commerce-logistics-by-dr-anthony-lau-siu-wing\/\">\r\n\t\t<div class=\"umtv__gridimg\">\r\n\t\t\t<img decoding=\"async\" src=\"https:\/\/www.um.edu.mo\/wp-content\/uploads\/2020\/10\/\u87a2\u5e55\u622a\u5716-2020-01-15-\u4e0a\u534810.51.14.png\">\r\n\t\t<\/div>\r\n\t\t<div class=\"fusion-post-content-wrapper umtv__gridwrapper\" >\r\n\t\t\t<h5 class=\"blog-shortcode-post-title entry-title umtv__gridtitle \">\r\n\t\t\t\tLi\u00e7\u00e3o do Doutor honoris causa da UM: &#8220;Log\u00edstica de E-commerce&#8221; por Dr. Anthony Lau Siu Wing\t\t\t<\/h5>\r\n\t\t\t<p class=\"fusion-single-line-meta\"><span>15-03-2019<\/span><\/p>\r\n\t\t<\/div>\r\n    <\/a>\r\n<\/article>\r\n<article class=\" col-sm-6 col-md-4 post type-postumtv__grid\">\r\n\t<a class=\"umtv__griditem\" href=\"https:\/\/www.um.edu.mo\/pt-pt\/umtv\/ums-doctor-honoris-causa-lecture-healthcare-and-education-in-the-era-of-artificial-intelligence-by-prof-joseph-sung-jao-yiu\/\">\r\n\t\t<div class=\"umtv__gridimg\">\r\n\t\t\t<img decoding=\"async\" src=\"https:\/\/www.um.edu.mo\/wp-content\/uploads\/2020\/10\/\u87a2\u5e55\u622a\u5716-2019-03-08-\u4e0b\u53488.05.47.png\">\r\n\t\t<\/div>\r\n\t\t<div class=\"fusion-post-content-wrapper umtv__gridwrapper\" >\r\n\t\t\t<h5 class=\"blog-shortcode-post-title entry-title umtv__gridtitle \">\r\n\t\t\t\tLi\u00e7\u00e3o do Doutor honoris causa da UM: &#8220;Sa\u00fade e Educa\u00e7\u00e3o na Era da Intelig\u00eancia Artificial&#8221; por Prof. Joseph Sung Jao-yiu.\t\t\t<\/h5>\r\n\t\t\t<p class=\"fusion-single-line-meta\"><span>08-03-2019<\/span><\/p>\r\n\t\t<\/div>\r\n    <\/a>\r\n<\/article>\r\n<article class=\" col-sm-6 col-md-4 post type-postumtv__grid\">\r\n\t<a class=\"umtv__griditem\" href=\"https:\/\/www.um.edu.mo\/pt-pt\/umtv\/ums-doctor-honoris-causa-lecture-next-generation-species-specific-eco-friendly-antibiotics-and-thoughts-about-origin-of-life-by-prof-ada-yonath\/\">\r\n\t\t<div class=\"umtv__gridimg\">\r\n\t\t\t<img decoding=\"async\" src=\"https:\/\/www.um.edu.mo\/wp-content\/uploads\/2020\/10\/umtv_6_201807.png\">\r\n\t\t<\/div>\r\n\t\t<div class=\"fusion-post-content-wrapper umtv__gridwrapper\" >\r\n\t\t\t<h5 class=\"blog-shortcode-post-title entry-title umtv__gridtitle \">\r\n\t\t\t\tLi\u00e7\u00e3o do Doutor honoris causa da UM: &#8220;Pr\u00f3xima Gera\u00e7\u00e3o de Antibi\u00f3ticos Eco Friendly Espec\u00edficos para Esp\u00e9cies e Reflex\u00f5es sobre a Origem da Vida&#8221; por Prof. Ada Yonath.\t\t\t<\/h5>\r\n\t\t\t<p class=\"fusion-single-line-meta\"><span>09-06-2018<\/span><\/p>\r\n\t\t<\/div>\r\n    <\/a>\r\n<\/article>\r\n<article class=\" col-sm-6 col-md-4 post type-postumtv__grid\">\r\n\t<a class=\"umtv__griditem\" href=\"https:\/\/www.um.edu.mo\/pt-pt\/umtv\/um-lecture-hall-of-times-big-data-its-science-industry-and-business-by-prof-wei-zhao-rector-of-university-of-macau\/\">\r\n\t\t<div class=\"umtv__gridimg\">\r\n\t\t\t<img decoding=\"async\" src=\"https:\/\/www.um.edu.mo\/wp-content\/uploads\/2020\/10\/umtv_talk_004.jpg\">\r\n\t\t<\/div>\r\n\t\t<div class=\"fusion-post-content-wrapper umtv__gridwrapper\" >\r\n\t\t\t<h5 class=\"blog-shortcode-post-title entry-title umtv__gridtitle \">\r\n\t\t\t\tSala de Aula de Tempos da UM: &#8220;Big Data: Ci\u00eancia, Ind\u00fastria e Neg\u00f3cios&#8221; pelo Prof. Wei Zhao, Reitor da Universidade de Macau\t\t\t<\/h5>\r\n\t\t\t<p class=\"fusion-single-line-meta\"><span>28-11-2017<\/span><\/p>\r\n\t\t<\/div>\r\n    <\/a>\r\n<\/article>\r\n<\/div>\r\n<div class=\"fusion-clearfix\"><\/div>\r\n\t\r\n  <div class=\"pagination umtv__gridpagination clearfix\">\r\n\t<span aria-current=\"page\" class=\"page-numbers current\">1<\/span>\n<a class=\"page-numbers\" href=\"https:\/\/www.um.edu.mo\/pt-pt\/wp-json\/wp\/v2\/pages\/216295\/page\/2\">2<\/a>\n<span class=\"page-numbers dots\">&hellip;<\/span>\n<a class=\"page-numbers\" href=\"https:\/\/www.um.edu.mo\/pt-pt\/wp-json\/wp\/v2\/pages\/216295\/page\/4\">4<\/a>\n<a class=\"next page-numbers\" href=\"https:\/\/www.um.edu.mo\/pt-pt\/wp-json\/wp\/v2\/pages\/216295\/page\/2\">Seguinte<\/a>    \r\n    <\/div>\u2800\t\r\n<\/div>\r\n\t<\/div><\/div><\/div><\/div>","protected":false},"excerpt":{"rendered":"<p>hide<\/p>\n","protected":false},"author":1,"featured_media":0,"parent":216321,"menu_order":0,"comment_status":"closed","ping_status":"closed","template":"","meta":{"_acf_changed":false,"footnotes":""},"class_list":["post-216295","page","type-page","status-publish","hentry"],"acf":[],"yoast_head":"<!-- This site is optimized with the Yoast SEO plugin v24.5 - https:\/\/yoast.com\/wordpress\/plugins\/seo\/ -->\n<title>Palestra | Universidade de Macau<\/title>\n<meta name=\"description\" content=\"Universidade de Macau: Uma universidade abrangente p\u00fablica de n\u00edvel internacional fundada em 1981\" \/>\n<meta name=\"robots\" content=\"index, follow, max-snippet:-1, max-image-preview:large, max-video-preview:-1\" \/>\n<link rel=\"canonical\" href=\"https:\/\/www.um.edu.mo\/pt-pt\/news\/umtv\/distinguished-talks\/\" \/>\n<meta property=\"og:locale\" content=\"pt_PT\" \/>\n<meta property=\"og:type\" content=\"article\" \/>\n<meta property=\"og:title\" content=\"Palestra | Universidade de Macau\" \/>\n<meta property=\"og:description\" content=\"Universidade de Macau: Uma universidade abrangente p\u00fablica de n\u00edvel internacional fundada em 1981\" \/>\n<meta property=\"og:url\" content=\"https:\/\/www.um.edu.mo\/pt-pt\/news\/umtv\/distinguished-talks\/\" \/>\n<meta property=\"og:site_name\" content=\"Universidade de Macau\" \/>\n<meta property=\"article:publisher\" content=\"https:\/\/www.facebook.com\/universityofmacau\" \/>\n<meta property=\"article:modified_time\" content=\"2021-05-11T08:53:47+00:00\" \/>\n<meta name=\"twitter:card\" content=\"summary_large_image\" \/>\n<meta name=\"twitter:site\" content=\"@UM_1981\" \/>\n<meta name=\"twitter:label1\" content=\"Tempo estimado de leitura\" \/>\n\t<meta name=\"twitter:data1\" content=\"5 minutos\" \/>\n<script type=\"application\/ld+json\" class=\"yoast-schema-graph\">{\"@context\":\"https:\/\/schema.org\",\"@graph\":[{\"@type\":\"WebPage\",\"@id\":\"https:\/\/www.um.edu.mo\/pt-pt\/news\/umtv\/distinguished-talks\/\",\"url\":\"https:\/\/www.um.edu.mo\/pt-pt\/news\/umtv\/distinguished-talks\/\",\"name\":\"Palestra | Universidade de Macau\",\"isPartOf\":{\"@id\":\"https:\/\/www.um.edu.mo\/pt-pt\/#website\"},\"datePublished\":\"2020-10-11T19:29:07+00:00\",\"dateModified\":\"2021-05-11T08:53:47+00:00\",\"description\":\"Universidade de Macau: Uma universidade abrangente p\u00fablica de n\u00edvel internacional fundada em 1981\",\"breadcrumb\":{\"@id\":\"https:\/\/www.um.edu.mo\/pt-pt\/news\/umtv\/distinguished-talks\/#breadcrumb\"},\"inLanguage\":\"pt-PT\",\"potentialAction\":[{\"@type\":\"ReadAction\",\"target\":[\"https:\/\/www.um.edu.mo\/pt-pt\/news\/umtv\/distinguished-talks\/\"]}]},{\"@type\":\"BreadcrumbList\",\"@id\":\"https:\/\/www.um.edu.mo\/pt-pt\/news\/umtv\/distinguished-talks\/#breadcrumb\",\"itemListElement\":[{\"@type\":\"ListItem\",\"position\":1,\"name\":\"P\u00e1gina inicial\",\"item\":\"https:\/\/www.um.edu.mo\/pt-pt\/\"},{\"@type\":\"ListItem\",\"position\":2,\"name\":\"Not\u00edcias\",\"item\":\"https:\/\/www.um.edu.mo\/pt-pt\/news\/\"},{\"@type\":\"ListItem\",\"position\":3,\"name\":\"UMTV\",\"item\":\"https:\/\/www.um.edu.mo\/pt-pt\/news\/umtv\/\"},{\"@type\":\"ListItem\",\"position\":4,\"name\":\"Palestra\"}]},{\"@type\":\"WebSite\",\"@id\":\"https:\/\/www.um.edu.mo\/pt-pt\/#website\",\"url\":\"https:\/\/www.um.edu.mo\/pt-pt\/\",\"name\":\"Universidade de Macau\",\"description\":\"\",\"publisher\":{\"@id\":\"https:\/\/www.um.edu.mo\/pt-pt\/#organization\"},\"potentialAction\":[{\"@type\":\"SearchAction\",\"target\":{\"@type\":\"EntryPoint\",\"urlTemplate\":\"https:\/\/www.um.edu.mo\/pt-pt\/?s={search_term_string}\"},\"query-input\":{\"@type\":\"PropertyValueSpecification\",\"valueRequired\":true,\"valueName\":\"search_term_string\"}}],\"inLanguage\":\"pt-PT\"},{\"@type\":\"Organization\",\"@id\":\"https:\/\/www.um.edu.mo\/pt-pt\/#organization\",\"name\":\"University of Macau\",\"url\":\"https:\/\/www.um.edu.mo\/pt-pt\/\",\"logo\":{\"@type\":\"ImageObject\",\"inLanguage\":\"pt-PT\",\"@id\":\"https:\/\/www.um.edu.mo\/pt-pt\/#\/schema\/logo\/image\/\",\"url\":\"https:\/\/www.um.edu.mo\/wp-content\/uploads\/2020\/09\/UM-Logo_V-Black.png\",\"contentUrl\":\"https:\/\/www.um.edu.mo\/wp-content\/uploads\/2020\/09\/UM-Logo_V-Black.png\",\"width\":3508,\"height\":2785,\"caption\":\"University of Macau\"},\"image\":{\"@id\":\"https:\/\/www.um.edu.mo\/pt-pt\/#\/schema\/logo\/image\/\"},\"sameAs\":[\"https:\/\/www.facebook.com\/universityofmacau\",\"https:\/\/x.com\/UM_1981\"]}]}<\/script>\n<!-- \/ Yoast SEO plugin. -->","yoast_head_json":{"title":"Palestra | Universidade de Macau","description":"Universidade de Macau: Uma universidade abrangente p\u00fablica de n\u00edvel internacional fundada em 1981","robots":{"index":"index","follow":"follow","max-snippet":"max-snippet:-1","max-image-preview":"max-image-preview:large","max-video-preview":"max-video-preview:-1"},"canonical":"https:\/\/www.um.edu.mo\/pt-pt\/news\/umtv\/distinguished-talks\/","og_locale":"pt_PT","og_type":"article","og_title":"Palestra | Universidade de Macau","og_description":"Universidade de Macau: Uma universidade abrangente p\u00fablica de n\u00edvel internacional fundada em 1981","og_url":"https:\/\/www.um.edu.mo\/pt-pt\/news\/umtv\/distinguished-talks\/","og_site_name":"Universidade de Macau","article_publisher":"https:\/\/www.facebook.com\/universityofmacau","article_modified_time":"2021-05-11T08:53:47+00:00","twitter_card":"summary_large_image","twitter_site":"@UM_1981","twitter_misc":{"Tempo estimado de leitura":"5 minutos"},"schema":{"@context":"https:\/\/schema.org","@graph":[{"@type":"WebPage","@id":"https:\/\/www.um.edu.mo\/pt-pt\/news\/umtv\/distinguished-talks\/","url":"https:\/\/www.um.edu.mo\/pt-pt\/news\/umtv\/distinguished-talks\/","name":"Palestra | Universidade de Macau","isPartOf":{"@id":"https:\/\/www.um.edu.mo\/pt-pt\/#website"},"datePublished":"2020-10-11T19:29:07+00:00","dateModified":"2021-05-11T08:53:47+00:00","description":"Universidade de Macau: Uma universidade abrangente p\u00fablica de n\u00edvel internacional fundada em 1981","breadcrumb":{"@id":"https:\/\/www.um.edu.mo\/pt-pt\/news\/umtv\/distinguished-talks\/#breadcrumb"},"inLanguage":"pt-PT","potentialAction":[{"@type":"ReadAction","target":["https:\/\/www.um.edu.mo\/pt-pt\/news\/umtv\/distinguished-talks\/"]}]},{"@type":"BreadcrumbList","@id":"https:\/\/www.um.edu.mo\/pt-pt\/news\/umtv\/distinguished-talks\/#breadcrumb","itemListElement":[{"@type":"ListItem","position":1,"name":"P\u00e1gina inicial","item":"https:\/\/www.um.edu.mo\/pt-pt\/"},{"@type":"ListItem","position":2,"name":"Not\u00edcias","item":"https:\/\/www.um.edu.mo\/pt-pt\/news\/"},{"@type":"ListItem","position":3,"name":"UMTV","item":"https:\/\/www.um.edu.mo\/pt-pt\/news\/umtv\/"},{"@type":"ListItem","position":4,"name":"Palestra"}]},{"@type":"WebSite","@id":"https:\/\/www.um.edu.mo\/pt-pt\/#website","url":"https:\/\/www.um.edu.mo\/pt-pt\/","name":"Universidade de Macau","description":"","publisher":{"@id":"https:\/\/www.um.edu.mo\/pt-pt\/#organization"},"potentialAction":[{"@type":"SearchAction","target":{"@type":"EntryPoint","urlTemplate":"https:\/\/www.um.edu.mo\/pt-pt\/?s={search_term_string}"},"query-input":{"@type":"PropertyValueSpecification","valueRequired":true,"valueName":"search_term_string"}}],"inLanguage":"pt-PT"},{"@type":"Organization","@id":"https:\/\/www.um.edu.mo\/pt-pt\/#organization","name":"University of Macau","url":"https:\/\/www.um.edu.mo\/pt-pt\/","logo":{"@type":"ImageObject","inLanguage":"pt-PT","@id":"https:\/\/www.um.edu.mo\/pt-pt\/#\/schema\/logo\/image\/","url":"https:\/\/www.um.edu.mo\/wp-content\/uploads\/2020\/09\/UM-Logo_V-Black.png","contentUrl":"https:\/\/www.um.edu.mo\/wp-content\/uploads\/2020\/09\/UM-Logo_V-Black.png","width":3508,"height":2785,"caption":"University of Macau"},"image":{"@id":"https:\/\/www.um.edu.mo\/pt-pt\/#\/schema\/logo\/image\/"},"sameAs":["https:\/\/www.facebook.com\/universityofmacau","https:\/\/x.com\/UM_1981"]}]}},"_links":{"self":[{"href":"https:\/\/www.um.edu.mo\/pt-pt\/wp-json\/wp\/v2\/pages\/216295","targetHints":{"allow":["GET"]}}],"collection":[{"href":"https:\/\/www.um.edu.mo\/pt-pt\/wp-json\/wp\/v2\/pages"}],"about":[{"href":"https:\/\/www.um.edu.mo\/pt-pt\/wp-json\/wp\/v2\/types\/page"}],"author":[{"embeddable":true,"href":"https:\/\/www.um.edu.mo\/pt-pt\/wp-json\/wp\/v2\/users\/1"}],"replies":[{"embeddable":true,"href":"https:\/\/www.um.edu.mo\/pt-pt\/wp-json\/wp\/v2\/comments?post=216295"}],"version-history":[{"count":6,"href":"https:\/\/www.um.edu.mo\/pt-pt\/wp-json\/wp\/v2\/pages\/216295\/revisions"}],"predecessor-version":[{"id":236924,"href":"https:\/\/www.um.edu.mo\/pt-pt\/wp-json\/wp\/v2\/pages\/216295\/revisions\/236924"}],"up":[{"embeddable":true,"href":"https:\/\/www.um.edu.mo\/pt-pt\/wp-json\/wp\/v2\/pages\/216321"}],"wp:attachment":[{"href":"https:\/\/www.um.edu.mo\/pt-pt\/wp-json\/wp\/v2\/media?parent=216295"}],"curies":[{"name":"wp","href":"https:\/\/api.w.org\/{rel}","templated":true}]}}